{"id":265,"date":"2022-05-30T14:08:09","date_gmt":"2022-05-30T12:08:09","guid":{"rendered":"https:\/\/lagalerieduliv.cluster1.easy-hebergement.net\/?page_id=265"},"modified":"2026-05-01T16:02:36","modified_gmt":"2026-05-01T14:02:36","slug":"archives-expos","status":"publish","type":"page","link":"https:\/\/lagaleriedulivre.be\/?page_id=265","title":{"rendered":"Archives expos"},"content":{"rendered":"\n<p class=\"has-cyan-bluish-gray-color has-text-color has-link-color wp-elements-9f3d22731d5786e18532131338a854cf\">Ptit Marc et Henri De Borman <br>\u00ab Funambules \u00bb (04 &#8211; 19\/04\/26)<\/p>\n\n\n\n<figure class=\"wp-block-gallery has-nested-images columns-default is-cropped wp-block-gallery-1 is-layout-flex wp-block-gallery-is-layout-flex\">\n<figure class=\"wp-block-image size-large\"><img data-recalc-dims=\"1\" loading=\"lazy\" decoding=\"async\" width=\"727\" height=\"1024\" data-id=\"906\" src=\"https:\/\/i0.wp.com\/lagaleriedulivre.be\/wp-content\/uploads\/2026\/05\/Ptit-Marc-727x1024.jpg?resize=727%2C1024&#038;ssl=1\" alt=\"\" class=\"wp-image-906\" srcset=\"https:\/\/i0.wp.com\/lagaleriedulivre.be\/wp-content\/uploads\/2026\/05\/Ptit-Marc.jpg?resize=727%2C1024&amp;ssl=1 727w, https:\/\/i0.wp.com\/lagaleriedulivre.be\/wp-content\/uploads\/2026\/05\/Ptit-Marc.jpg?resize=213%2C300&amp;ssl=1 213w, https:\/\/i0.wp.com\/lagaleriedulivre.be\/wp-content\/uploads\/2026\/05\/Ptit-Marc.jpg?w=740&amp;ssl=1 740w\" sizes=\"auto, (max-width: 727px) 100vw, 727px\" \/><\/figure>\n\n\n\n<figure class=\"wp-block-image size-large\"><img data-recalc-dims=\"1\" loading=\"lazy\" decoding=\"async\" width=\"634\" height=\"1024\" data-id=\"907\" src=\"https:\/\/i0.wp.com\/lagaleriedulivre.be\/wp-content\/uploads\/2026\/05\/deborman_2-634x1024.jpg?resize=634%2C1024&#038;ssl=1\" alt=\"\" class=\"wp-image-907\" srcset=\"https:\/\/i0.wp.com\/lagaleriedulivre.be\/wp-content\/uploads\/2026\/05\/deborman_2.jpg?resize=634%2C1024&amp;ssl=1 634w, https:\/\/i0.wp.com\/lagaleriedulivre.be\/wp-content\/uploads\/2026\/05\/deborman_2.jpg?resize=186%2C300&amp;ssl=1 186w, https:\/\/i0.wp.com\/lagaleriedulivre.be\/wp-content\/uploads\/2026\/05\/deborman_2.jpg?resize=768%2C1240&amp;ssl=1 768w, https:\/\/i0.wp.com\/lagaleriedulivre.be\/wp-content\/uploads\/2026\/05\/deborman_2.jpg?resize=951%2C1536&amp;ssl=1 951w, https:\/\/i0.wp.com\/lagaleriedulivre.be\/wp-content\/uploads\/2026\/05\/deborman_2.jpg?w=1248&amp;ssl=1 1248w\" sizes=\"auto, (max-width: 634px) 100vw, 634px\" \/><\/figure>\n<\/figure>\n\n\n\n<hr class=\"wp-block-separator has-text-color has-cyan-bluish-gray-color has-alpha-channel-opacity has-cyan-bluish-gray-background-color has-background\"\/>\n\n\n\n<p class=\"has-cyan-bluish-gray-color has-text-color has-link-color wp-elements-ec7d29d555d6b77dd93d1d199d4ce41e\">Suzanne Pavc et Val\u00e9rie Vrindts<br>\u00ab Parce que c&rsquo;est beau ! \u00bb (07 &#8211; 22\/03\/26)<\/p>\n\n\n\n<figure class=\"wp-block-gallery has-nested-images columns-default is-cropped wp-block-gallery-2 is-layout-flex wp-block-gallery-is-layout-flex\">\n<figure class=\"wp-block-image size-large\"><img data-recalc-dims=\"1\" loading=\"lazy\" decoding=\"async\" width=\"483\" height=\"1024\" data-id=\"904\" src=\"https:\/\/i0.wp.com\/lagaleriedulivre.be\/wp-content\/uploads\/2026\/05\/Suzanne-2-483x1024.jpg?resize=483%2C1024&#038;ssl=1\" alt=\"\" class=\"wp-image-904\" srcset=\"https:\/\/i0.wp.com\/lagaleriedulivre.be\/wp-content\/uploads\/2026\/05\/Suzanne-2.jpg?resize=483%2C1024&amp;ssl=1 483w, https:\/\/i0.wp.com\/lagaleriedulivre.be\/wp-content\/uploads\/2026\/05\/Suzanne-2.jpg?resize=141%2C300&amp;ssl=1 141w, https:\/\/i0.wp.com\/lagaleriedulivre.be\/wp-content\/uploads\/2026\/05\/Suzanne-2.jpg?resize=768%2C1629&amp;ssl=1 768w, https:\/\/i0.wp.com\/lagaleriedulivre.be\/wp-content\/uploads\/2026\/05\/Suzanne-2.jpg?resize=724%2C1536&amp;ssl=1 724w, https:\/\/i0.wp.com\/lagaleriedulivre.be\/wp-content\/uploads\/2026\/05\/Suzanne-2.jpg?w=769&amp;ssl=1 769w\" sizes=\"auto, (max-width: 483px) 100vw, 483px\" \/><\/figure>\n\n\n\n<figure class=\"wp-block-image size-large\"><img data-recalc-dims=\"1\" loading=\"lazy\" decoding=\"async\" width=\"727\" height=\"1024\" data-id=\"905\" src=\"https:\/\/i0.wp.com\/lagaleriedulivre.be\/wp-content\/uploads\/2026\/05\/Valerie-727x1024.jpg?resize=727%2C1024&#038;ssl=1\" alt=\"\" class=\"wp-image-905\" srcset=\"https:\/\/i0.wp.com\/lagaleriedulivre.be\/wp-content\/uploads\/2026\/05\/Valerie.jpg?resize=727%2C1024&amp;ssl=1 727w, https:\/\/i0.wp.com\/lagaleriedulivre.be\/wp-content\/uploads\/2026\/05\/Valerie.jpg?resize=213%2C300&amp;ssl=1 213w, https:\/\/i0.wp.com\/lagaleriedulivre.be\/wp-content\/uploads\/2026\/05\/Valerie.jpg?w=740&amp;ssl=1 740w\" sizes=\"auto, (max-width: 727px) 100vw, 727px\" \/><\/figure>\n<\/figure>\n\n\n\n<hr class=\"wp-block-separator has-text-color has-cyan-bluish-gray-color has-alpha-channel-opacity has-cyan-bluish-gray-background-color has-background\"\/>\n\n\n\n<p class=\"has-cyan-bluish-gray-color has-text-color has-link-color wp-elements-407558e08746735997c0dde3cb3de67e\">Kina Land&rsquo;s et Martin<br>\u00ab D&rsquo;autres mondes possibles ? \u00bb (07 &#8211; 22\/02\/26)<\/p>\n\n\n\n<div class=\"wp-block-jetpack-tiled-gallery aligncenter is-style-rectangular\"><div class=\"\"><div class=\"tiled-gallery__gallery\"><div class=\"tiled-gallery__row\"><div class=\"tiled-gallery__col\" style=\"flex-basis:33.54134%\"><figure class=\"tiled-gallery__item\"><img decoding=\"async\" srcset=\"https:\/\/i0.wp.com\/lagaleriedulivre.be\/wp-content\/uploads\/2026\/05\/Kina-def.jpg?strip=info&#038;w=540&#038;ssl=1 540w\" alt=\"\" data-height=\"761\" data-id=\"903\" data-link=\"https:\/\/lagaleriedulivre.be\/?attachment_id=903\" data-url=\"https:\/\/lagaleriedulivre.be\/wp-content\/uploads\/2026\/05\/Kina-def.jpg\" data-width=\"540\" src=\"https:\/\/i0.wp.com\/lagaleriedulivre.be\/wp-content\/uploads\/2026\/05\/Kina-def.jpg?ssl=1\" data-amp-layout=\"responsive\"\/><\/figure><\/div><div class=\"tiled-gallery__col\" style=\"flex-basis:66.45866%\"><figure class=\"tiled-gallery__item\"><img decoding=\"async\" srcset=\"https:\/\/i0.wp.com\/lagaleriedulivre.be\/wp-content\/uploads\/2026\/05\/Martin-2.jpg?strip=info&#038;w=600&#038;ssl=1 600w,https:\/\/i0.wp.com\/lagaleriedulivre.be\/wp-content\/uploads\/2026\/05\/Martin-2.jpg?strip=info&#038;w=748&#038;ssl=1 748w\" alt=\"\" data-height=\"531\" data-id=\"902\" data-link=\"https:\/\/lagaleriedulivre.be\/?attachment_id=902\" data-url=\"https:\/\/lagaleriedulivre.be\/wp-content\/uploads\/2026\/05\/Martin-2.jpg\" data-width=\"748\" src=\"https:\/\/i0.wp.com\/lagaleriedulivre.be\/wp-content\/uploads\/2026\/05\/Martin-2.jpg?ssl=1\" data-amp-layout=\"responsive\"\/><\/figure><\/div><\/div><\/div><\/div><\/div>\n\n\n\n<hr class=\"wp-block-separator has-text-color has-cyan-bluish-gray-color has-alpha-channel-opacity has-cyan-bluish-gray-background-color has-background\"\/>\n\n\n\n<p class=\"has-cyan-bluish-gray-color has-text-color has-link-color wp-elements-7c3347c4fc89056a760fd049b607f5ba\">Jacques Donjean<br>\u00ab Souvenirs ardents \u00bb (08 &#8211; 23\/11\/25)<\/p>\n\n\n\n<figure class=\"wp-block-gallery has-nested-images columns-default is-cropped wp-block-gallery-3 is-layout-flex wp-block-gallery-is-layout-flex\">\n<figure class=\"wp-block-image size-large\"><img data-recalc-dims=\"1\" loading=\"lazy\" decoding=\"async\" width=\"840\" height=\"847\" data-id=\"887\" src=\"https:\/\/i0.wp.com\/lagaleriedulivre.be\/wp-content\/uploads\/2026\/03\/Carnaval-Nord.jpg?resize=840%2C847\" alt=\"\" class=\"wp-image-887\" srcset=\"https:\/\/i0.wp.com\/lagaleriedulivre.be\/wp-content\/uploads\/2026\/03\/Carnaval-Nord.jpg?w=935&amp;ssl=1 935w, https:\/\/i0.wp.com\/lagaleriedulivre.be\/wp-content\/uploads\/2026\/03\/Carnaval-Nord.jpg?resize=297%2C300&amp;ssl=1 297w, https:\/\/i0.wp.com\/lagaleriedulivre.be\/wp-content\/uploads\/2026\/03\/Carnaval-Nord.jpg?resize=150%2C150&amp;ssl=1 150w, https:\/\/i0.wp.com\/lagaleriedulivre.be\/wp-content\/uploads\/2026\/03\/Carnaval-Nord.jpg?resize=768%2C775&amp;ssl=1 768w\" sizes=\"auto, (max-width: 840px) 100vw, 840px\" \/><\/figure>\n<\/figure>\n\n\n\n<hr class=\"wp-block-separator has-text-color has-cyan-bluish-gray-color has-alpha-channel-opacity has-cyan-bluish-gray-background-color has-background\"\/>\n\n\n\n<p class=\"has-cyan-bluish-gray-color has-text-color has-link-color wp-elements-c4e79e330bf3aad5a4dde09e993ac719\">Sophie Ubaghs et Maurice Antoine<br>\u00ab Les arbres sont de couleur chair \u00bb (04 &#8211; 19\/10\/25)<\/p>\n\n\n\n<figure class=\"wp-block-gallery has-nested-images columns-default is-cropped wp-block-gallery-4 is-layout-flex wp-block-gallery-is-layout-flex\">\n<figure class=\"wp-block-image size-large\"><img data-recalc-dims=\"1\" loading=\"lazy\" decoding=\"async\" width=\"726\" height=\"1024\" data-id=\"884\" src=\"https:\/\/i0.wp.com\/lagaleriedulivre.be\/wp-content\/uploads\/2026\/03\/Recto-Maurice.jpg?resize=726%2C1024\" alt=\"\" class=\"wp-image-884\" srcset=\"https:\/\/i0.wp.com\/lagaleriedulivre.be\/wp-content\/uploads\/2026\/03\/Recto-Maurice.jpg?resize=726%2C1024&amp;ssl=1 726w, https:\/\/i0.wp.com\/lagaleriedulivre.be\/wp-content\/uploads\/2026\/03\/Recto-Maurice.jpg?resize=213%2C300&amp;ssl=1 213w, https:\/\/i0.wp.com\/lagaleriedulivre.be\/wp-content\/uploads\/2026\/03\/Recto-Maurice.jpg?resize=768%2C1083&amp;ssl=1 768w, https:\/\/i0.wp.com\/lagaleriedulivre.be\/wp-content\/uploads\/2026\/03\/Recto-Maurice.jpg?resize=1090%2C1536&amp;ssl=1 1090w, https:\/\/i0.wp.com\/lagaleriedulivre.be\/wp-content\/uploads\/2026\/03\/Recto-Maurice.jpg?w=1240&amp;ssl=1 1240w\" sizes=\"auto, (max-width: 726px) 100vw, 726px\" \/><\/figure>\n\n\n\n<figure class=\"wp-block-image size-large\"><img data-recalc-dims=\"1\" loading=\"lazy\" decoding=\"async\" width=\"726\" height=\"1024\" data-id=\"883\" src=\"https:\/\/i0.wp.com\/lagaleriedulivre.be\/wp-content\/uploads\/2026\/03\/Recto-Sophie-1.jpg?resize=726%2C1024\" alt=\"\" class=\"wp-image-883\" srcset=\"https:\/\/i0.wp.com\/lagaleriedulivre.be\/wp-content\/uploads\/2026\/03\/Recto-Sophie-1.jpg?resize=726%2C1024&amp;ssl=1 726w, https:\/\/i0.wp.com\/lagaleriedulivre.be\/wp-content\/uploads\/2026\/03\/Recto-Sophie-1.jpg?resize=213%2C300&amp;ssl=1 213w, https:\/\/i0.wp.com\/lagaleriedulivre.be\/wp-content\/uploads\/2026\/03\/Recto-Sophie-1.jpg?resize=768%2C1083&amp;ssl=1 768w, https:\/\/i0.wp.com\/lagaleriedulivre.be\/wp-content\/uploads\/2026\/03\/Recto-Sophie-1.jpg?resize=1090%2C1536&amp;ssl=1 1090w, https:\/\/i0.wp.com\/lagaleriedulivre.be\/wp-content\/uploads\/2026\/03\/Recto-Sophie-1.jpg?w=1240&amp;ssl=1 1240w\" sizes=\"auto, (max-width: 726px) 100vw, 726px\" \/><\/figure>\n<\/figure>\n\n\n\n<hr class=\"wp-block-separator has-text-color has-cyan-bluish-gray-color has-alpha-channel-opacity has-cyan-bluish-gray-background-color has-background\"\/>\n\n\n\n<p class=\"has-cyan-bluish-gray-color has-text-color has-link-color wp-elements-9878a69aad24dbdae18c72f56f61dc89\">Charlotte De Naeyer<br>\u00ab Nature(s)\u00bb (06 &#8211; 21\/09\/25)<\/p>\n\n\n\n<figure class=\"wp-block-gallery has-nested-images columns-default is-cropped wp-block-gallery-5 is-layout-flex wp-block-gallery-is-layout-flex\">\n<figure class=\"wp-block-image size-large\"><img data-recalc-dims=\"1\" loading=\"lazy\" decoding=\"async\" width=\"683\" height=\"1024\" data-id=\"845\" src=\"https:\/\/i0.wp.com\/lagaleriedulivre.be\/wp-content\/uploads\/2025\/10\/Charlotte-De-Naeyer-grenouille-encre-de-chine-acryl-2021-683x1024.jpg?resize=683%2C1024&#038;ssl=1\" alt=\"\" class=\"wp-image-845\" srcset=\"https:\/\/i0.wp.com\/lagaleriedulivre.be\/wp-content\/uploads\/2025\/10\/Charlotte-De-Naeyer-grenouille-encre-de-chine-acryl-2021-scaled.jpg?resize=683%2C1024&amp;ssl=1 683w, https:\/\/i0.wp.com\/lagaleriedulivre.be\/wp-content\/uploads\/2025\/10\/Charlotte-De-Naeyer-grenouille-encre-de-chine-acryl-2021-scaled.jpg?resize=200%2C300&amp;ssl=1 200w, https:\/\/i0.wp.com\/lagaleriedulivre.be\/wp-content\/uploads\/2025\/10\/Charlotte-De-Naeyer-grenouille-encre-de-chine-acryl-2021-scaled.jpg?resize=768%2C1151&amp;ssl=1 768w, https:\/\/i0.wp.com\/lagaleriedulivre.be\/wp-content\/uploads\/2025\/10\/Charlotte-De-Naeyer-grenouille-encre-de-chine-acryl-2021-scaled.jpg?resize=1025%2C1536&amp;ssl=1 1025w, https:\/\/i0.wp.com\/lagaleriedulivre.be\/wp-content\/uploads\/2025\/10\/Charlotte-De-Naeyer-grenouille-encre-de-chine-acryl-2021-scaled.jpg?resize=1367%2C2048&amp;ssl=1 1367w, https:\/\/i0.wp.com\/lagaleriedulivre.be\/wp-content\/uploads\/2025\/10\/Charlotte-De-Naeyer-grenouille-encre-de-chine-acryl-2021-scaled.jpg?resize=1320%2C1978&amp;ssl=1 1320w, https:\/\/i0.wp.com\/lagaleriedulivre.be\/wp-content\/uploads\/2025\/10\/Charlotte-De-Naeyer-grenouille-encre-de-chine-acryl-2021-scaled.jpg?w=1708&amp;ssl=1 1708w\" sizes=\"auto, (max-width: 683px) 100vw, 683px\" \/><\/figure>\n\n\n\n<figure class=\"wp-block-image size-large\"><img data-recalc-dims=\"1\" loading=\"lazy\" decoding=\"async\" width=\"679\" height=\"1024\" data-id=\"844\" src=\"https:\/\/i0.wp.com\/lagaleriedulivre.be\/wp-content\/uploads\/2025\/10\/Faon-encre-de-Chine-Charlotte-De-Naeyer-2019-679x1024.jpg?resize=679%2C1024&#038;ssl=1\" alt=\"\" class=\"wp-image-844\" srcset=\"https:\/\/i0.wp.com\/lagaleriedulivre.be\/wp-content\/uploads\/2025\/10\/Faon-encre-de-Chine-Charlotte-De-Naeyer-2019.jpg?resize=679%2C1024&amp;ssl=1 679w, https:\/\/i0.wp.com\/lagaleriedulivre.be\/wp-content\/uploads\/2025\/10\/Faon-encre-de-Chine-Charlotte-De-Naeyer-2019.jpg?resize=199%2C300&amp;ssl=1 199w, https:\/\/i0.wp.com\/lagaleriedulivre.be\/wp-content\/uploads\/2025\/10\/Faon-encre-de-Chine-Charlotte-De-Naeyer-2019.jpg?resize=768%2C1157&amp;ssl=1 768w, https:\/\/i0.wp.com\/lagaleriedulivre.be\/wp-content\/uploads\/2025\/10\/Faon-encre-de-Chine-Charlotte-De-Naeyer-2019.jpg?resize=1019%2C1536&amp;ssl=1 1019w, https:\/\/i0.wp.com\/lagaleriedulivre.be\/wp-content\/uploads\/2025\/10\/Faon-encre-de-Chine-Charlotte-De-Naeyer-2019.jpg?w=1274&amp;ssl=1 1274w\" sizes=\"auto, (max-width: 679px) 100vw, 679px\" \/><\/figure>\n<\/figure>\n\n\n\n<hr class=\"wp-block-separator has-text-color has-cyan-bluish-gray-color has-alpha-channel-opacity has-cyan-bluish-gray-background-color has-background\"\/>\n\n\n\n<p class=\"has-cyan-bluish-gray-color has-text-color has-link-color wp-elements-8a34f279d7064a662ac2ca57cbcbe1b1\">M\u00e9lanie Maquinay, Elise Sironval, Christophe Lardot et Dominique Deleuze<br>\u00ab Corpus vivendi \u00bb (09 &#8211; 24\/08\/25)<\/p>\n\n\n\n<figure class=\"wp-block-image size-full\"><img data-recalc-dims=\"1\" loading=\"lazy\" decoding=\"async\" width=\"840\" height=\"323\" src=\"https:\/\/i0.wp.com\/lagaleriedulivre.be\/wp-content\/uploads\/2025\/10\/expo-corpus-vivendi.jpg?resize=840%2C323\" alt=\"\" class=\"wp-image-843\" srcset=\"https:\/\/i0.wp.com\/lagaleriedulivre.be\/wp-content\/uploads\/2025\/10\/expo-corpus-vivendi.jpg?w=1000&amp;ssl=1 1000w, https:\/\/i0.wp.com\/lagaleriedulivre.be\/wp-content\/uploads\/2025\/10\/expo-corpus-vivendi.jpg?resize=300%2C115&amp;ssl=1 300w, https:\/\/i0.wp.com\/lagaleriedulivre.be\/wp-content\/uploads\/2025\/10\/expo-corpus-vivendi.jpg?resize=768%2C295&amp;ssl=1 768w\" sizes=\"auto, (max-width: 840px) 100vw, 840px\" \/><\/figure>\n\n\n\n<hr class=\"wp-block-separator has-text-color has-cyan-bluish-gray-color has-alpha-channel-opacity has-cyan-bluish-gray-background-color has-background\"\/>\n\n\n\n<p class=\"has-cyan-bluish-gray-color has-text-color has-link-color wp-elements-7a487cd04029d7934a632c8445272daa\">Eug\u00e9nie Paon &amp; Thibaut le Croqueur d&rsquo;\u00e2mes<br>\u00ab En r\u00eaves et contre tout \u00bb (05 &#8211; 20\/07\/25)<\/p>\n\n\n\n<figure class=\"wp-block-image size-large\"><img data-recalc-dims=\"1\" loading=\"lazy\" decoding=\"async\" width=\"840\" height=\"440\" src=\"https:\/\/i0.wp.com\/lagaleriedulivre.be\/wp-content\/uploads\/2025\/10\/evenement-en-reves.jpg?resize=840%2C440\" alt=\"\" class=\"wp-image-842\" srcset=\"https:\/\/i0.wp.com\/lagaleriedulivre.be\/wp-content\/uploads\/2025\/10\/evenement-en-reves.jpg?resize=1024%2C536&amp;ssl=1 1024w, https:\/\/i0.wp.com\/lagaleriedulivre.be\/wp-content\/uploads\/2025\/10\/evenement-en-reves.jpg?resize=300%2C157&amp;ssl=1 300w, https:\/\/i0.wp.com\/lagaleriedulivre.be\/wp-content\/uploads\/2025\/10\/evenement-en-reves.jpg?resize=768%2C402&amp;ssl=1 768w, https:\/\/i0.wp.com\/lagaleriedulivre.be\/wp-content\/uploads\/2025\/10\/evenement-en-reves.jpg?w=1200&amp;ssl=1 1200w\" sizes=\"auto, (max-width: 840px) 100vw, 840px\" \/><\/figure>\n\n\n\n<hr class=\"wp-block-separator has-text-color has-cyan-bluish-gray-color has-alpha-channel-opacity has-cyan-bluish-gray-background-color has-background\"\/>\n\n\n\n<p class=\"has-cyan-bluish-gray-color has-text-color has-link-color wp-elements-4d43934813c3e76cb878fc21afc91079\">Philippe Cloes <br>\u00ab R\u00e9troperspective \u00bb (07 &#8211; 22\/06\/25)<\/p>\n\n\n\n<figure class=\"wp-block-image size-large\"><img data-recalc-dims=\"1\" loading=\"lazy\" decoding=\"async\" width=\"840\" height=\"418\" src=\"https:\/\/i0.wp.com\/lagaleriedulivre.be\/wp-content\/uploads\/2025\/06\/depliant-philippe-1024x510.jpg?resize=840%2C418&#038;ssl=1\" alt=\"\" class=\"wp-image-783\" srcset=\"https:\/\/i0.wp.com\/lagaleriedulivre.be\/wp-content\/uploads\/2025\/06\/depliant-philippe.jpg?resize=1024%2C510&amp;ssl=1 1024w, https:\/\/i0.wp.com\/lagaleriedulivre.be\/wp-content\/uploads\/2025\/06\/depliant-philippe.jpg?resize=300%2C149&amp;ssl=1 300w, https:\/\/i0.wp.com\/lagaleriedulivre.be\/wp-content\/uploads\/2025\/06\/depliant-philippe.jpg?resize=768%2C382&amp;ssl=1 768w, https:\/\/i0.wp.com\/lagaleriedulivre.be\/wp-content\/uploads\/2025\/06\/depliant-philippe.jpg?resize=1320%2C657&amp;ssl=1 1320w, https:\/\/i0.wp.com\/lagaleriedulivre.be\/wp-content\/uploads\/2025\/06\/depliant-philippe.jpg?w=1508&amp;ssl=1 1508w\" sizes=\"auto, (max-width: 840px) 100vw, 840px\" \/><\/figure>\n\n\n\n<hr class=\"wp-block-separator has-text-color has-cyan-bluish-gray-color has-alpha-channel-opacity has-cyan-bluish-gray-background-color has-background\"\/>\n\n\n\n<p class=\"has-cyan-bluish-gray-color has-text-color has-link-color wp-elements-7b8bbedd57604cc3ca3bf9cf8fd08dde\">Florian Leburton <br>\u00ab On n&rsquo;a pas retrouv\u00e9 l&rsquo;oiseau \u00bb (10 &#8211; 25\/05\/25)<\/p>\n\n\n\n<figure class=\"wp-block-image size-full\"><img data-recalc-dims=\"1\" loading=\"lazy\" decoding=\"async\" width=\"840\" height=\"560\" src=\"https:\/\/i0.wp.com\/lagaleriedulivre.be\/wp-content\/uploads\/2025\/06\/Couverture-Luc-Florian.jpg?resize=840%2C560\" alt=\"\" class=\"wp-image-774\" srcset=\"https:\/\/i0.wp.com\/lagaleriedulivre.be\/wp-content\/uploads\/2025\/06\/Couverture-Luc-Florian.jpg?w=943&amp;ssl=1 943w, https:\/\/i0.wp.com\/lagaleriedulivre.be\/wp-content\/uploads\/2025\/06\/Couverture-Luc-Florian.jpg?resize=300%2C200&amp;ssl=1 300w, https:\/\/i0.wp.com\/lagaleriedulivre.be\/wp-content\/uploads\/2025\/06\/Couverture-Luc-Florian.jpg?resize=768%2C512&amp;ssl=1 768w, https:\/\/i0.wp.com\/lagaleriedulivre.be\/wp-content\/uploads\/2025\/06\/Couverture-Luc-Florian.jpg?resize=420%2C280&amp;ssl=1 420w\" sizes=\"auto, (max-width: 840px) 100vw, 840px\" \/><\/figure>\n\n\n\n<hr class=\"wp-block-separator has-text-color has-cyan-bluish-gray-color has-alpha-channel-opacity has-cyan-bluish-gray-background-color has-background\"\/>\n\n\n\n<p class=\"has-cyan-bluish-gray-color has-text-color has-link-color wp-elements-cccbf4abbdcc2be6d28f9561f30e3f50\">Adelin Donnay &#8211; Resho Kardo &#8211; Val\u00e9rie Quanten<br>\u00ab M\u00e9tamorphoses \u00bb (12 &#8211; 27\/04\/25)<\/p>\n\n\n\n<figure class=\"wp-block-image size-full\"><img data-recalc-dims=\"1\" loading=\"lazy\" decoding=\"async\" width=\"838\" height=\"469\" src=\"https:\/\/i0.wp.com\/lagaleriedulivre.be\/wp-content\/uploads\/2025\/06\/Expo-Adelin-Resho.jpg?resize=838%2C469\" alt=\"\" class=\"wp-image-773\" srcset=\"https:\/\/i0.wp.com\/lagaleriedulivre.be\/wp-content\/uploads\/2025\/06\/Expo-Adelin-Resho.jpg?w=838&amp;ssl=1 838w, https:\/\/i0.wp.com\/lagaleriedulivre.be\/wp-content\/uploads\/2025\/06\/Expo-Adelin-Resho.jpg?resize=300%2C168&amp;ssl=1 300w, https:\/\/i0.wp.com\/lagaleriedulivre.be\/wp-content\/uploads\/2025\/06\/Expo-Adelin-Resho.jpg?resize=768%2C430&amp;ssl=1 768w\" sizes=\"auto, (max-width: 838px) 100vw, 838px\" \/><\/figure>\n\n\n\n<hr class=\"wp-block-separator has-text-color has-cyan-bluish-gray-color has-alpha-channel-opacity has-cyan-bluish-gray-background-color has-background\"\/>\n\n\n\n<p class=\"has-cyan-bluish-gray-color has-text-color has-link-color wp-elements-3b44df43854f770440973f9ae15a1d07\">Eric Loyens<br>\u00ab Brodeur line \u00bb (15 &#8211; 30\/03\/25)<\/p>\n\n\n\n<figure class=\"wp-block-gallery has-nested-images columns-default is-cropped wp-block-gallery-6 is-layout-flex wp-block-gallery-is-layout-flex\">\n<figure class=\"wp-block-image size-large\"><img data-recalc-dims=\"1\" loading=\"lazy\" decoding=\"async\" width=\"402\" height=\"573\" data-id=\"741\" src=\"https:\/\/i0.wp.com\/lagaleriedulivre.be\/wp-content\/uploads\/2025\/04\/Eric-Broderie.jpg?resize=402%2C573\" alt=\"\" class=\"wp-image-741\" srcset=\"https:\/\/i0.wp.com\/lagaleriedulivre.be\/wp-content\/uploads\/2025\/04\/Eric-Broderie.jpg?w=402&amp;ssl=1 402w, https:\/\/i0.wp.com\/lagaleriedulivre.be\/wp-content\/uploads\/2025\/04\/Eric-Broderie.jpg?resize=210%2C300&amp;ssl=1 210w\" sizes=\"auto, (max-width: 402px) 100vw, 402px\" \/><\/figure>\n\n\n\n<figure class=\"wp-block-image size-large\"><img data-recalc-dims=\"1\" loading=\"lazy\" decoding=\"async\" width=\"840\" height=\"1000\" data-id=\"742\" src=\"https:\/\/i0.wp.com\/lagaleriedulivre.be\/wp-content\/uploads\/2025\/04\/Fish-Grey.jpg?resize=840%2C1000\" alt=\"\" class=\"wp-image-742\" srcset=\"https:\/\/i0.wp.com\/lagaleriedulivre.be\/wp-content\/uploads\/2025\/04\/Fish-Grey-scaled.jpg?resize=860%2C1024&amp;ssl=1 860w, https:\/\/i0.wp.com\/lagaleriedulivre.be\/wp-content\/uploads\/2025\/04\/Fish-Grey-scaled.jpg?resize=252%2C300&amp;ssl=1 252w, https:\/\/i0.wp.com\/lagaleriedulivre.be\/wp-content\/uploads\/2025\/04\/Fish-Grey-scaled.jpg?resize=768%2C914&amp;ssl=1 768w, https:\/\/i0.wp.com\/lagaleriedulivre.be\/wp-content\/uploads\/2025\/04\/Fish-Grey-scaled.jpg?resize=1290%2C1536&amp;ssl=1 1290w, https:\/\/i0.wp.com\/lagaleriedulivre.be\/wp-content\/uploads\/2025\/04\/Fish-Grey-scaled.jpg?resize=1720%2C2048&amp;ssl=1 1720w, https:\/\/i0.wp.com\/lagaleriedulivre.be\/wp-content\/uploads\/2025\/04\/Fish-Grey-scaled.jpg?resize=1320%2C1572&amp;ssl=1 1320w\" sizes=\"auto, (max-width: 840px) 100vw, 840px\" \/><\/figure>\n<\/figure>\n\n\n\n<hr class=\"wp-block-separator has-text-color has-cyan-bluish-gray-color has-alpha-channel-opacity has-cyan-bluish-gray-background-color has-background\"\/>\n\n\n\n<p class=\"has-cyan-bluish-gray-color has-text-color has-link-color wp-elements-e48c8ff69a541dac854e112c40ba72a2\">Virgil Declercq <br>\u00ab H\u00e9ritage \u00bb (08\/02 &#8211; 02\/03\/25)<\/p>\n\n\n\n<figure class=\"wp-block-image size-large\"><img data-recalc-dims=\"1\" loading=\"lazy\" decoding=\"async\" width=\"840\" height=\"561\" src=\"https:\/\/i0.wp.com\/lagaleriedulivre.be\/wp-content\/uploads\/2025\/04\/DSCF1058.jpg?resize=840%2C561\" alt=\"\" class=\"wp-image-740\" srcset=\"https:\/\/i0.wp.com\/lagaleriedulivre.be\/wp-content\/uploads\/2025\/04\/DSCF1058-scaled.jpg?resize=1024%2C684&amp;ssl=1 1024w, https:\/\/i0.wp.com\/lagaleriedulivre.be\/wp-content\/uploads\/2025\/04\/DSCF1058-scaled.jpg?resize=300%2C200&amp;ssl=1 300w, https:\/\/i0.wp.com\/lagaleriedulivre.be\/wp-content\/uploads\/2025\/04\/DSCF1058-scaled.jpg?resize=768%2C513&amp;ssl=1 768w, https:\/\/i0.wp.com\/lagaleriedulivre.be\/wp-content\/uploads\/2025\/04\/DSCF1058-scaled.jpg?resize=1536%2C1026&amp;ssl=1 1536w, https:\/\/i0.wp.com\/lagaleriedulivre.be\/wp-content\/uploads\/2025\/04\/DSCF1058-scaled.jpg?resize=2048%2C1368&amp;ssl=1 2048w, https:\/\/i0.wp.com\/lagaleriedulivre.be\/wp-content\/uploads\/2025\/04\/DSCF1058-scaled.jpg?resize=420%2C280&amp;ssl=1 420w, https:\/\/i0.wp.com\/lagaleriedulivre.be\/wp-content\/uploads\/2025\/04\/DSCF1058-scaled.jpg?resize=1320%2C882&amp;ssl=1 1320w, https:\/\/i0.wp.com\/lagaleriedulivre.be\/wp-content\/uploads\/2025\/04\/DSCF1058-scaled.jpg?w=1680 1680w, https:\/\/i0.wp.com\/lagaleriedulivre.be\/wp-content\/uploads\/2025\/04\/DSCF1058-scaled.jpg?w=2520 2520w\" sizes=\"auto, (max-width: 840px) 100vw, 840px\" \/><\/figure>\n\n\n\n<hr class=\"wp-block-separator has-text-color has-cyan-bluish-gray-color has-alpha-channel-opacity has-cyan-bluish-gray-background-color has-background\"\/>\n\n\n\n<p class=\"has-cyan-bluish-gray-color has-text-color has-link-color wp-elements-45939eb6e56d6e8172baeb2d620bd636\">Pierre Delcourt &#8211; Mathieu Petitjean<br>\u00ab Barricade \u00bb (09\/11 &#8211; 01\/12\/24)<\/p>\n\n\n\n<figure class=\"wp-block-image\"><img data-recalc-dims=\"1\" loading=\"lazy\" decoding=\"async\" width=\"840\" height=\"1016\" src=\"https:\/\/i0.wp.com\/lagaleriedulivre.be\/wp-content\/uploads\/2025\/04\/flesh-and-hole-3-scaled.jpg?resize=840%2C1016\" alt=\"\" class=\"wp-image-735\" srcset=\"https:\/\/i0.wp.com\/lagaleriedulivre.be\/wp-content\/uploads\/2025\/04\/flesh-and-hole-3-scaled.jpg?w=2117&amp;ssl=1 2117w, https:\/\/i0.wp.com\/lagaleriedulivre.be\/wp-content\/uploads\/2025\/04\/flesh-and-hole-3-scaled.jpg?resize=248%2C300&amp;ssl=1 248w, https:\/\/i0.wp.com\/lagaleriedulivre.be\/wp-content\/uploads\/2025\/04\/flesh-and-hole-3-scaled.jpg?resize=847%2C1024&amp;ssl=1 847w, https:\/\/i0.wp.com\/lagaleriedulivre.be\/wp-content\/uploads\/2025\/04\/flesh-and-hole-3-scaled.jpg?resize=768%2C929&amp;ssl=1 768w, https:\/\/i0.wp.com\/lagaleriedulivre.be\/wp-content\/uploads\/2025\/04\/flesh-and-hole-3-scaled.jpg?resize=1270%2C1536&amp;ssl=1 1270w, https:\/\/i0.wp.com\/lagaleriedulivre.be\/wp-content\/uploads\/2025\/04\/flesh-and-hole-3-scaled.jpg?resize=1693%2C2048&amp;ssl=1 1693w, https:\/\/i0.wp.com\/lagaleriedulivre.be\/wp-content\/uploads\/2025\/04\/flesh-and-hole-3-scaled.jpg?resize=1320%2C1596&amp;ssl=1 1320w\" sizes=\"auto, (max-width: 840px) 100vw, 840px\" \/><\/figure>\n\n\n\n<figure class=\"wp-block-image\"><img data-recalc-dims=\"1\" loading=\"lazy\" decoding=\"async\" width=\"840\" height=\"873\" src=\"https:\/\/i0.wp.com\/lagaleriedulivre.be\/wp-content\/uploads\/2025\/04\/Mathieu-peinture-1-1-scaled.jpg?resize=840%2C873\" alt=\"\" class=\"wp-image-736\" srcset=\"https:\/\/i0.wp.com\/lagaleriedulivre.be\/wp-content\/uploads\/2025\/04\/Mathieu-peinture-1-1-scaled.jpg?w=2463&amp;ssl=1 2463w, https:\/\/i0.wp.com\/lagaleriedulivre.be\/wp-content\/uploads\/2025\/04\/Mathieu-peinture-1-1-scaled.jpg?resize=289%2C300&amp;ssl=1 289w, https:\/\/i0.wp.com\/lagaleriedulivre.be\/wp-content\/uploads\/2025\/04\/Mathieu-peinture-1-1-scaled.jpg?resize=985%2C1024&amp;ssl=1 985w, https:\/\/i0.wp.com\/lagaleriedulivre.be\/wp-content\/uploads\/2025\/04\/Mathieu-peinture-1-1-scaled.jpg?resize=768%2C798&amp;ssl=1 768w, https:\/\/i0.wp.com\/lagaleriedulivre.be\/wp-content\/uploads\/2025\/04\/Mathieu-peinture-1-1-scaled.jpg?resize=1478%2C1536&amp;ssl=1 1478w, https:\/\/i0.wp.com\/lagaleriedulivre.be\/wp-content\/uploads\/2025\/04\/Mathieu-peinture-1-1-scaled.jpg?resize=1320%2C1372&amp;ssl=1 1320w, https:\/\/i0.wp.com\/lagaleriedulivre.be\/wp-content\/uploads\/2025\/04\/Mathieu-peinture-1-1-scaled.jpg?w=1680 1680w\" sizes=\"auto, (max-width: 840px) 100vw, 840px\" \/><\/figure>\n\n\n\n<hr class=\"wp-block-separator has-text-color has-cyan-bluish-gray-color has-alpha-channel-opacity has-cyan-bluish-gray-background-color has-background\"\/>\n\n\n\n<p class=\"has-cyan-bluish-gray-color has-text-color has-link-color wp-elements-1b76a1778670072b15aaa9c967d089b4\">Eddy Devolder &#8211; Elise Sironval &#8211; Saskia Petermann<br>\u00ab Tissage des r\u00e9sonances \u00bb (12\/10 &#8211; 03\/11\/24)<\/p>\n\n\n\n<figure class=\"wp-block-gallery has-nested-images columns-default is-cropped wp-block-gallery-7 is-layout-flex wp-block-gallery-is-layout-flex\">\n<figure class=\"wp-block-image size-large\"><img data-recalc-dims=\"1\" loading=\"lazy\" decoding=\"async\" width=\"768\" height=\"1024\" data-id=\"715\" src=\"https:\/\/i0.wp.com\/lagaleriedulivre.be\/wp-content\/uploads\/2025\/04\/20241009_100005.jpg?resize=768%2C1024\" alt=\"\" class=\"wp-image-715\" srcset=\"https:\/\/i0.wp.com\/lagaleriedulivre.be\/wp-content\/uploads\/2025\/04\/20241009_100005-scaled.jpg?resize=768%2C1024&amp;ssl=1 768w, https:\/\/i0.wp.com\/lagaleriedulivre.be\/wp-content\/uploads\/2025\/04\/20241009_100005-scaled.jpg?resize=225%2C300&amp;ssl=1 225w, https:\/\/i0.wp.com\/lagaleriedulivre.be\/wp-content\/uploads\/2025\/04\/20241009_100005-scaled.jpg?resize=1152%2C1536&amp;ssl=1 1152w, https:\/\/i0.wp.com\/lagaleriedulivre.be\/wp-content\/uploads\/2025\/04\/20241009_100005-scaled.jpg?resize=1536%2C2048&amp;ssl=1 1536w, https:\/\/i0.wp.com\/lagaleriedulivre.be\/wp-content\/uploads\/2025\/04\/20241009_100005-scaled.jpg?resize=1320%2C1760&amp;ssl=1 1320w, https:\/\/i0.wp.com\/lagaleriedulivre.be\/wp-content\/uploads\/2025\/04\/20241009_100005-scaled.jpg?w=1920&amp;ssl=1 1920w, https:\/\/i0.wp.com\/lagaleriedulivre.be\/wp-content\/uploads\/2025\/04\/20241009_100005-scaled.jpg?w=1680 1680w\" sizes=\"auto, (max-width: 768px) 100vw, 768px\" \/><\/figure>\n\n\n\n<figure class=\"wp-block-image size-large\"><img data-recalc-dims=\"1\" loading=\"lazy\" decoding=\"async\" width=\"768\" height=\"1024\" data-id=\"716\" src=\"https:\/\/i0.wp.com\/lagaleriedulivre.be\/wp-content\/uploads\/2025\/04\/20241009_100021.jpg?resize=768%2C1024\" alt=\"\" class=\"wp-image-716\" srcset=\"https:\/\/i0.wp.com\/lagaleriedulivre.be\/wp-content\/uploads\/2025\/04\/20241009_100021-scaled.jpg?resize=768%2C1024&amp;ssl=1 768w, https:\/\/i0.wp.com\/lagaleriedulivre.be\/wp-content\/uploads\/2025\/04\/20241009_100021-scaled.jpg?resize=225%2C300&amp;ssl=1 225w, https:\/\/i0.wp.com\/lagaleriedulivre.be\/wp-content\/uploads\/2025\/04\/20241009_100021-scaled.jpg?resize=1152%2C1536&amp;ssl=1 1152w, https:\/\/i0.wp.com\/lagaleriedulivre.be\/wp-content\/uploads\/2025\/04\/20241009_100021-scaled.jpg?resize=1536%2C2048&amp;ssl=1 1536w, https:\/\/i0.wp.com\/lagaleriedulivre.be\/wp-content\/uploads\/2025\/04\/20241009_100021-scaled.jpg?resize=1320%2C1760&amp;ssl=1 1320w, https:\/\/i0.wp.com\/lagaleriedulivre.be\/wp-content\/uploads\/2025\/04\/20241009_100021-scaled.jpg?w=1920&amp;ssl=1 1920w, https:\/\/i0.wp.com\/lagaleriedulivre.be\/wp-content\/uploads\/2025\/04\/20241009_100021-scaled.jpg?w=1680 1680w\" sizes=\"auto, (max-width: 768px) 100vw, 768px\" \/><\/figure>\n<\/figure>\n\n\n\n<hr class=\"wp-block-separator has-text-color has-cyan-bluish-gray-color has-alpha-channel-opacity has-cyan-bluish-gray-background-color has-background\"\/>\n\n\n\n<p class=\"has-cyan-bluish-gray-color has-text-color has-link-color wp-elements-cd191a58f269ed815342d366866af09d\">Ptit Marc<br>\u00ab Des gens comme nous III \u00bb (07 &#8211; 29\/09\/2024)<\/p>\n\n\n\n<figure class=\"wp-block-gallery has-nested-images columns-default is-cropped wp-block-gallery-8 is-layout-flex wp-block-gallery-is-layout-flex\">\n<figure class=\"wp-block-image size-large\"><img data-recalc-dims=\"1\" loading=\"lazy\" decoding=\"async\" width=\"325\" height=\"890\" data-id=\"662\" src=\"https:\/\/i0.wp.com\/lagaleriedulivre.be\/wp-content\/uploads\/2024\/10\/Unknown-1.jpeg?resize=325%2C890\" alt=\"\" class=\"wp-image-662\" srcset=\"https:\/\/i0.wp.com\/lagaleriedulivre.be\/wp-content\/uploads\/2024\/10\/Unknown-1.jpeg?w=325&amp;ssl=1 325w, https:\/\/i0.wp.com\/lagaleriedulivre.be\/wp-content\/uploads\/2024\/10\/Unknown-1.jpeg?resize=110%2C300&amp;ssl=1 110w\" sizes=\"auto, (max-width: 325px) 100vw, 325px\" \/><\/figure>\n\n\n\n<figure class=\"wp-block-image size-large\"><img data-recalc-dims=\"1\" loading=\"lazy\" decoding=\"async\" width=\"675\" height=\"856\" data-id=\"663\" src=\"https:\/\/i0.wp.com\/lagaleriedulivre.be\/wp-content\/uploads\/2024\/10\/Unknown.jpeg?resize=675%2C856\" alt=\"\" class=\"wp-image-663\" srcset=\"https:\/\/i0.wp.com\/lagaleriedulivre.be\/wp-content\/uploads\/2024\/10\/Unknown.jpeg?w=675&amp;ssl=1 675w, https:\/\/i0.wp.com\/lagaleriedulivre.be\/wp-content\/uploads\/2024\/10\/Unknown.jpeg?resize=237%2C300&amp;ssl=1 237w\" sizes=\"auto, (max-width: 675px) 100vw, 675px\" \/><\/figure>\n<\/figure>\n\n\n\n<hr class=\"wp-block-separator has-text-color has-cyan-bluish-gray-color has-alpha-channel-opacity has-cyan-bluish-gray-background-color has-background\"\/>\n\n\n\n<p class=\"has-cyan-bluish-gray-color has-text-color has-link-color wp-elements-cbe030ae387066980b127609e2345218\">Annick Dubisy et V\u00e9ronique Weckx<br>\u00ab Couleurs et valeurs \u00bb (03 &#8211; 25\/08\/2024)<\/p>\n\n\n\n<figure class=\"wp-block-gallery has-nested-images columns-default is-cropped wp-block-gallery-9 is-layout-flex wp-block-gallery-is-layout-flex\">\n<figure class=\"wp-block-image size-large\"><img data-recalc-dims=\"1\" loading=\"lazy\" decoding=\"async\" width=\"840\" height=\"630\" data-id=\"645\" src=\"https:\/\/i0.wp.com\/lagaleriedulivre.be\/wp-content\/uploads\/2024\/08\/IMG_0990-2-1024x768.jpg?resize=840%2C630&#038;ssl=1\" alt=\"\" class=\"wp-image-645\" srcset=\"https:\/\/i0.wp.com\/lagaleriedulivre.be\/wp-content\/uploads\/2024\/08\/IMG_0990-2-scaled.jpg?resize=1024%2C768&amp;ssl=1 1024w, https:\/\/i0.wp.com\/lagaleriedulivre.be\/wp-content\/uploads\/2024\/08\/IMG_0990-2-scaled.jpg?resize=300%2C225&amp;ssl=1 300w, https:\/\/i0.wp.com\/lagaleriedulivre.be\/wp-content\/uploads\/2024\/08\/IMG_0990-2-scaled.jpg?resize=768%2C576&amp;ssl=1 768w, https:\/\/i0.wp.com\/lagaleriedulivre.be\/wp-content\/uploads\/2024\/08\/IMG_0990-2-scaled.jpg?resize=1536%2C1152&amp;ssl=1 1536w, https:\/\/i0.wp.com\/lagaleriedulivre.be\/wp-content\/uploads\/2024\/08\/IMG_0990-2-scaled.jpg?resize=2048%2C1536&amp;ssl=1 2048w, https:\/\/i0.wp.com\/lagaleriedulivre.be\/wp-content\/uploads\/2024\/08\/IMG_0990-2-scaled.jpg?resize=1320%2C990&amp;ssl=1 1320w, https:\/\/i0.wp.com\/lagaleriedulivre.be\/wp-content\/uploads\/2024\/08\/IMG_0990-2-scaled.jpg?w=1680 1680w, https:\/\/i0.wp.com\/lagaleriedulivre.be\/wp-content\/uploads\/2024\/08\/IMG_0990-2-scaled.jpg?w=2520 2520w\" sizes=\"auto, (max-width: 840px) 100vw, 840px\" \/><\/figure>\n\n\n\n<figure class=\"wp-block-image size-large\"><img data-recalc-dims=\"1\" loading=\"lazy\" decoding=\"async\" width=\"768\" height=\"1024\" data-id=\"646\" src=\"https:\/\/i0.wp.com\/lagaleriedulivre.be\/wp-content\/uploads\/2024\/08\/IMG_0998-2-768x1024.jpg?resize=768%2C1024&#038;ssl=1\" alt=\"\" class=\"wp-image-646\" srcset=\"https:\/\/i0.wp.com\/lagaleriedulivre.be\/wp-content\/uploads\/2024\/08\/IMG_0998-2-scaled.jpg?resize=768%2C1024&amp;ssl=1 768w, https:\/\/i0.wp.com\/lagaleriedulivre.be\/wp-content\/uploads\/2024\/08\/IMG_0998-2-scaled.jpg?resize=225%2C300&amp;ssl=1 225w, https:\/\/i0.wp.com\/lagaleriedulivre.be\/wp-content\/uploads\/2024\/08\/IMG_0998-2-scaled.jpg?resize=1152%2C1536&amp;ssl=1 1152w, https:\/\/i0.wp.com\/lagaleriedulivre.be\/wp-content\/uploads\/2024\/08\/IMG_0998-2-scaled.jpg?resize=1536%2C2048&amp;ssl=1 1536w, https:\/\/i0.wp.com\/lagaleriedulivre.be\/wp-content\/uploads\/2024\/08\/IMG_0998-2-scaled.jpg?resize=1320%2C1760&amp;ssl=1 1320w, https:\/\/i0.wp.com\/lagaleriedulivre.be\/wp-content\/uploads\/2024\/08\/IMG_0998-2-scaled.jpg?w=1920&amp;ssl=1 1920w, https:\/\/i0.wp.com\/lagaleriedulivre.be\/wp-content\/uploads\/2024\/08\/IMG_0998-2-scaled.jpg?w=1680 1680w\" sizes=\"auto, (max-width: 768px) 100vw, 768px\" \/><\/figure>\n<\/figure>\n\n\n\n<hr class=\"wp-block-separator has-text-color has-cyan-bluish-gray-color has-alpha-channel-opacity has-cyan-bluish-gray-background-color has-background\"\/>\n\n\n\n<p class=\"has-cyan-bluish-gray-color has-text-color has-link-color wp-elements-7e189b879a195262a9951ac8ffbe17c8\">Christine Falaise et Alain Letroye<br>\u00ab Nos \u00e9clats d&rsquo;\u00e2mes \u00bb (06 &#8211; 21\/07\/2024)<\/p>\n\n\n\n<figure class=\"wp-block-gallery has-nested-images columns-default is-cropped wp-block-gallery-10 is-layout-flex wp-block-gallery-is-layout-flex\">\n<figure class=\"wp-block-image size-large\"><img data-recalc-dims=\"1\" loading=\"lazy\" decoding=\"async\" width=\"840\" height=\"440\" data-id=\"642\" src=\"https:\/\/i0.wp.com\/lagaleriedulivre.be\/wp-content\/uploads\/2024\/08\/evenement-Falaise-Letroye-1024x536.png?resize=840%2C440&#038;ssl=1\" alt=\"\" class=\"wp-image-642\" srcset=\"https:\/\/i0.wp.com\/lagaleriedulivre.be\/wp-content\/uploads\/2024\/08\/evenement-Falaise-Letroye.png?resize=1024%2C536&amp;ssl=1 1024w, https:\/\/i0.wp.com\/lagaleriedulivre.be\/wp-content\/uploads\/2024\/08\/evenement-Falaise-Letroye.png?resize=300%2C157&amp;ssl=1 300w, https:\/\/i0.wp.com\/lagaleriedulivre.be\/wp-content\/uploads\/2024\/08\/evenement-Falaise-Letroye.png?resize=768%2C402&amp;ssl=1 768w, https:\/\/i0.wp.com\/lagaleriedulivre.be\/wp-content\/uploads\/2024\/08\/evenement-Falaise-Letroye.png?w=1200&amp;ssl=1 1200w\" sizes=\"auto, (max-width: 840px) 100vw, 840px\" \/><\/figure>\n<\/figure>\n\n\n\n<hr class=\"wp-block-separator has-text-color has-cyan-bluish-gray-color has-alpha-channel-opacity has-cyan-bluish-gray-background-color has-background\"\/>\n\n\n\n<p class=\"has-cyan-bluish-gray-color has-text-color has-link-color wp-elements-d34b34f81561c8a40d5bc1fcb8c7eaaa\">Eric Hock <br>\u00ab Ombres et lumi\u00e8res \u00bb (11\/05 -02\/06\/2024)<\/p>\n\n\n\n<figure class=\"wp-block-gallery has-nested-images columns-default is-cropped wp-block-gallery-11 is-layout-flex wp-block-gallery-is-layout-flex\">\n<figure class=\"wp-block-image size-large\"><img data-recalc-dims=\"1\" loading=\"lazy\" decoding=\"async\" width=\"840\" height=\"832\" data-id=\"639\" src=\"https:\/\/i0.wp.com\/lagaleriedulivre.be\/wp-content\/uploads\/2024\/08\/434180607_2375339425985887_4625803839624531735_n-1024x1014.jpg?resize=840%2C832&#038;ssl=1\" alt=\"\" class=\"wp-image-639\" srcset=\"https:\/\/i0.wp.com\/lagaleriedulivre.be\/wp-content\/uploads\/2024\/08\/434180607_2375339425985887_4625803839624531735_n.jpg?resize=1024%2C1014&amp;ssl=1 1024w, https:\/\/i0.wp.com\/lagaleriedulivre.be\/wp-content\/uploads\/2024\/08\/434180607_2375339425985887_4625803839624531735_n.jpg?resize=300%2C297&amp;ssl=1 300w, https:\/\/i0.wp.com\/lagaleriedulivre.be\/wp-content\/uploads\/2024\/08\/434180607_2375339425985887_4625803839624531735_n.jpg?resize=150%2C150&amp;ssl=1 150w, https:\/\/i0.wp.com\/lagaleriedulivre.be\/wp-content\/uploads\/2024\/08\/434180607_2375339425985887_4625803839624531735_n.jpg?resize=768%2C761&amp;ssl=1 768w, https:\/\/i0.wp.com\/lagaleriedulivre.be\/wp-content\/uploads\/2024\/08\/434180607_2375339425985887_4625803839624531735_n.jpg?resize=1320%2C1308&amp;ssl=1 1320w, https:\/\/i0.wp.com\/lagaleriedulivre.be\/wp-content\/uploads\/2024\/08\/434180607_2375339425985887_4625803839624531735_n.jpg?w=1490&amp;ssl=1 1490w\" sizes=\"auto, (max-width: 840px) 100vw, 840px\" \/><\/figure>\n\n\n\n<figure class=\"wp-block-image size-large\"><img data-recalc-dims=\"1\" loading=\"lazy\" decoding=\"async\" width=\"748\" height=\"748\" data-id=\"638\" src=\"https:\/\/i0.wp.com\/lagaleriedulivre.be\/wp-content\/uploads\/2024\/08\/carte-expo-Eric-Hock.png?resize=748%2C748&#038;ssl=1\" alt=\"\" class=\"wp-image-638\" srcset=\"https:\/\/i0.wp.com\/lagaleriedulivre.be\/wp-content\/uploads\/2024\/08\/carte-expo-Eric-Hock.png?w=748&amp;ssl=1 748w, https:\/\/i0.wp.com\/lagaleriedulivre.be\/wp-content\/uploads\/2024\/08\/carte-expo-Eric-Hock.png?resize=300%2C300&amp;ssl=1 300w, https:\/\/i0.wp.com\/lagaleriedulivre.be\/wp-content\/uploads\/2024\/08\/carte-expo-Eric-Hock.png?resize=150%2C150&amp;ssl=1 150w\" sizes=\"auto, (max-width: 748px) 100vw, 748px\" \/><\/figure>\n<\/figure>\n\n\n\n<hr class=\"wp-block-separator has-text-color has-cyan-bluish-gray-color has-alpha-channel-opacity has-cyan-bluish-gray-background-color has-background\"\/>\n\n\n\n<p class=\"has-cyan-bluish-gray-color has-text-color has-link-color wp-elements-0de7cdfe81870d1133aa6d2b32cb5784\">Genevi\u00e8ve Van der Wielen<br>\u00ab Les printemps pervertis \u00bb (06 &#8211; 28\/04\/24)<\/p>\n\n\n\n<figure class=\"wp-block-gallery has-nested-images columns-default is-cropped wp-block-gallery-12 is-layout-flex wp-block-gallery-is-layout-flex\">\n<figure class=\"wp-block-image size-large\"><img data-recalc-dims=\"1\" loading=\"lazy\" decoding=\"async\" width=\"748\" height=\"748\" data-id=\"605\" src=\"https:\/\/i0.wp.com\/lagaleriedulivre.be\/wp-content\/uploads\/2024\/05\/genevieve-van-der-wielen.jpg?resize=748%2C748\" alt=\"\" class=\"wp-image-605\" srcset=\"https:\/\/i0.wp.com\/lagaleriedulivre.be\/wp-content\/uploads\/2024\/05\/genevieve-van-der-wielen.jpg?w=748&amp;ssl=1 748w, https:\/\/i0.wp.com\/lagaleriedulivre.be\/wp-content\/uploads\/2024\/05\/genevieve-van-der-wielen.jpg?resize=300%2C300&amp;ssl=1 300w, https:\/\/i0.wp.com\/lagaleriedulivre.be\/wp-content\/uploads\/2024\/05\/genevieve-van-der-wielen.jpg?resize=150%2C150&amp;ssl=1 150w, https:\/\/i0.wp.com\/lagaleriedulivre.be\/wp-content\/uploads\/2024\/05\/genevieve-van-der-wielen.jpg?resize=60%2C60&amp;ssl=1 60w\" sizes=\"auto, (max-width: 748px) 100vw, 748px\" \/><\/figure>\n\n\n\n<figure class=\"wp-block-image size-large\"><img data-recalc-dims=\"1\" loading=\"lazy\" decoding=\"async\" width=\"840\" height=\"857\" data-id=\"604\" src=\"https:\/\/i0.wp.com\/lagaleriedulivre.be\/wp-content\/uploads\/2024\/05\/HOMMAGE-A-J.H.jpg?resize=840%2C857\" alt=\"\" class=\"wp-image-604\" srcset=\"https:\/\/i0.wp.com\/lagaleriedulivre.be\/wp-content\/uploads\/2024\/05\/HOMMAGE-A-J.H.jpg?resize=1004%2C1024&amp;ssl=1 1004w, https:\/\/i0.wp.com\/lagaleriedulivre.be\/wp-content\/uploads\/2024\/05\/HOMMAGE-A-J.H.jpg?resize=294%2C300&amp;ssl=1 294w, https:\/\/i0.wp.com\/lagaleriedulivre.be\/wp-content\/uploads\/2024\/05\/HOMMAGE-A-J.H.jpg?resize=768%2C783&amp;ssl=1 768w, https:\/\/i0.wp.com\/lagaleriedulivre.be\/wp-content\/uploads\/2024\/05\/HOMMAGE-A-J.H.jpg?resize=1507%2C1536&amp;ssl=1 1507w, https:\/\/i0.wp.com\/lagaleriedulivre.be\/wp-content\/uploads\/2024\/05\/HOMMAGE-A-J.H.jpg?resize=2009%2C2048&amp;ssl=1 2009w, https:\/\/i0.wp.com\/lagaleriedulivre.be\/wp-content\/uploads\/2024\/05\/HOMMAGE-A-J.H.jpg?resize=59%2C60&amp;ssl=1 59w, https:\/\/i0.wp.com\/lagaleriedulivre.be\/wp-content\/uploads\/2024\/05\/HOMMAGE-A-J.H.jpg?resize=1320%2C1346&amp;ssl=1 1320w, https:\/\/i0.wp.com\/lagaleriedulivre.be\/wp-content\/uploads\/2024\/05\/HOMMAGE-A-J.H.jpg?w=1680 1680w\" sizes=\"auto, (max-width: 840px) 100vw, 840px\" \/><\/figure>\n<\/figure>\n\n\n\n<hr class=\"wp-block-separator has-text-color has-cyan-bluish-gray-color has-alpha-channel-opacity has-cyan-bluish-gray-background-color has-background\"\/>\n\n\n\n<p class=\"has-cyan-bluish-gray-color has-text-color has-link-color wp-elements-43b33ebd7f3301f7280862fec78f475d\">Sexy Exp\u00e9dition Y\u00e9y\u00e9 <br>\u00ab Andalana &#8211; Sur la route \u00bb (24\/02 &#8211; 24\/03\/24)<\/p>\n\n\n\n<figure class=\"wp-block-gallery has-nested-images columns-default is-cropped wp-block-gallery-13 is-layout-flex wp-block-gallery-is-layout-flex\">\n<figure class=\"wp-block-image size-full\"><img data-recalc-dims=\"1\" loading=\"lazy\" decoding=\"async\" width=\"427\" height=\"602\" data-id=\"602\" src=\"https:\/\/i0.wp.com\/lagaleriedulivre.be\/wp-content\/uploads\/2024\/05\/expo-Myriam-Merch.jpg?resize=427%2C602\" alt=\"\" class=\"wp-image-602\" srcset=\"https:\/\/i0.wp.com\/lagaleriedulivre.be\/wp-content\/uploads\/2024\/05\/expo-Myriam-Merch.jpg?w=427&amp;ssl=1 427w, https:\/\/i0.wp.com\/lagaleriedulivre.be\/wp-content\/uploads\/2024\/05\/expo-Myriam-Merch.jpg?resize=213%2C300&amp;ssl=1 213w, https:\/\/i0.wp.com\/lagaleriedulivre.be\/wp-content\/uploads\/2024\/05\/expo-Myriam-Merch.jpg?resize=43%2C60&amp;ssl=1 43w\" sizes=\"auto, (max-width: 427px) 100vw, 427px\" \/><\/figure>\n\n\n\n<figure class=\"wp-block-image size-full\"><img data-recalc-dims=\"1\" loading=\"lazy\" decoding=\"async\" width=\"427\" height=\"602\" data-id=\"603\" src=\"https:\/\/i0.wp.com\/lagaleriedulivre.be\/wp-content\/uploads\/2024\/05\/recto-Merch-2.jpg?resize=427%2C602\" alt=\"\" class=\"wp-image-603\" srcset=\"https:\/\/i0.wp.com\/lagaleriedulivre.be\/wp-content\/uploads\/2024\/05\/recto-Merch-2.jpg?w=427&amp;ssl=1 427w, https:\/\/i0.wp.com\/lagaleriedulivre.be\/wp-content\/uploads\/2024\/05\/recto-Merch-2.jpg?resize=213%2C300&amp;ssl=1 213w, https:\/\/i0.wp.com\/lagaleriedulivre.be\/wp-content\/uploads\/2024\/05\/recto-Merch-2.jpg?resize=43%2C60&amp;ssl=1 43w\" sizes=\"auto, (max-width: 427px) 100vw, 427px\" \/><\/figure>\n<\/figure>\n\n\n\n<hr class=\"wp-block-separator has-text-color has-cyan-bluish-gray-color has-alpha-channel-opacity has-cyan-bluish-gray-background-color has-background\"\/>\n\n\n\n<p class=\"has-cyan-bluish-gray-color has-text-color\">Guy Lemaire<br>\u00ab L&rsquo;Art m\u00fbr \u00bb (07\/09 &#8211; 29\/10\/23)<\/p>\n\n\n\n<figure class=\"wp-block-gallery has-nested-images columns-default is-cropped wp-block-gallery-14 is-layout-flex wp-block-gallery-is-layout-flex\">\n<figure class=\"wp-block-image size-large\"><img data-recalc-dims=\"1\" loading=\"lazy\" decoding=\"async\" width=\"799\" height=\"1024\" data-id=\"557\" src=\"https:\/\/i0.wp.com\/lagaleriedulivre.be\/wp-content\/uploads\/2023\/11\/Abot04.jpg?resize=799%2C1024\" alt=\"\" class=\"wp-image-557\" srcset=\"https:\/\/i0.wp.com\/lagaleriedulivre.be\/wp-content\/uploads\/2023\/11\/Abot04-scaled.jpg?resize=799%2C1024&amp;ssl=1 799w, https:\/\/i0.wp.com\/lagaleriedulivre.be\/wp-content\/uploads\/2023\/11\/Abot04-scaled.jpg?resize=234%2C300&amp;ssl=1 234w, https:\/\/i0.wp.com\/lagaleriedulivre.be\/wp-content\/uploads\/2023\/11\/Abot04-scaled.jpg?resize=768%2C984&amp;ssl=1 768w, https:\/\/i0.wp.com\/lagaleriedulivre.be\/wp-content\/uploads\/2023\/11\/Abot04-scaled.jpg?resize=1199%2C1536&amp;ssl=1 1199w, https:\/\/i0.wp.com\/lagaleriedulivre.be\/wp-content\/uploads\/2023\/11\/Abot04-scaled.jpg?resize=1598%2C2048&amp;ssl=1 1598w, https:\/\/i0.wp.com\/lagaleriedulivre.be\/wp-content\/uploads\/2023\/11\/Abot04-scaled.jpg?resize=47%2C60&amp;ssl=1 47w, https:\/\/i0.wp.com\/lagaleriedulivre.be\/wp-content\/uploads\/2023\/11\/Abot04-scaled.jpg?w=1998&amp;ssl=1 1998w, https:\/\/i0.wp.com\/lagaleriedulivre.be\/wp-content\/uploads\/2023\/11\/Abot04-scaled.jpg?w=1680 1680w\" sizes=\"auto, (max-width: 799px) 100vw, 799px\" \/><\/figure>\n\n\n\n<figure class=\"wp-block-image size-large\"><img data-recalc-dims=\"1\" loading=\"lazy\" decoding=\"async\" width=\"840\" height=\"840\" data-id=\"555\" src=\"https:\/\/i0.wp.com\/lagaleriedulivre.be\/wp-content\/uploads\/2023\/11\/Brut-contemporain6-copy.jpg?resize=840%2C840\" alt=\"\" class=\"wp-image-555\" srcset=\"https:\/\/i0.wp.com\/lagaleriedulivre.be\/wp-content\/uploads\/2023\/11\/Brut-contemporain6-copy.jpg?resize=1024%2C1024&amp;ssl=1 1024w, https:\/\/i0.wp.com\/lagaleriedulivre.be\/wp-content\/uploads\/2023\/11\/Brut-contemporain6-copy.jpg?resize=300%2C300&amp;ssl=1 300w, https:\/\/i0.wp.com\/lagaleriedulivre.be\/wp-content\/uploads\/2023\/11\/Brut-contemporain6-copy.jpg?resize=150%2C150&amp;ssl=1 150w, https:\/\/i0.wp.com\/lagaleriedulivre.be\/wp-content\/uploads\/2023\/11\/Brut-contemporain6-copy.jpg?resize=768%2C768&amp;ssl=1 768w, https:\/\/i0.wp.com\/lagaleriedulivre.be\/wp-content\/uploads\/2023\/11\/Brut-contemporain6-copy.jpg?resize=1536%2C1536&amp;ssl=1 1536w, https:\/\/i0.wp.com\/lagaleriedulivre.be\/wp-content\/uploads\/2023\/11\/Brut-contemporain6-copy.jpg?resize=60%2C60&amp;ssl=1 60w, https:\/\/i0.wp.com\/lagaleriedulivre.be\/wp-content\/uploads\/2023\/11\/Brut-contemporain6-copy.jpg?resize=1320%2C1320&amp;ssl=1 1320w, https:\/\/i0.wp.com\/lagaleriedulivre.be\/wp-content\/uploads\/2023\/11\/Brut-contemporain6-copy.jpg?w=1914&amp;ssl=1 1914w, https:\/\/i0.wp.com\/lagaleriedulivre.be\/wp-content\/uploads\/2023\/11\/Brut-contemporain6-copy.jpg?w=1680 1680w\" sizes=\"auto, (max-width: 840px) 100vw, 840px\" \/><\/figure>\n\n\n\n<figure class=\"wp-block-image size-large\"><img data-recalc-dims=\"1\" loading=\"lazy\" decoding=\"async\" width=\"766\" height=\"1024\" data-id=\"556\" src=\"https:\/\/i0.wp.com\/lagaleriedulivre.be\/wp-content\/uploads\/2023\/11\/Dessin11.jpg?resize=766%2C1024\" alt=\"\" class=\"wp-image-556\" srcset=\"https:\/\/i0.wp.com\/lagaleriedulivre.be\/wp-content\/uploads\/2023\/11\/Dessin11-scaled.jpg?resize=766%2C1024&amp;ssl=1 766w, https:\/\/i0.wp.com\/lagaleriedulivre.be\/wp-content\/uploads\/2023\/11\/Dessin11-scaled.jpg?resize=224%2C300&amp;ssl=1 224w, https:\/\/i0.wp.com\/lagaleriedulivre.be\/wp-content\/uploads\/2023\/11\/Dessin11-scaled.jpg?resize=768%2C1027&amp;ssl=1 768w, https:\/\/i0.wp.com\/lagaleriedulivre.be\/wp-content\/uploads\/2023\/11\/Dessin11-scaled.jpg?resize=1148%2C1536&amp;ssl=1 1148w, https:\/\/i0.wp.com\/lagaleriedulivre.be\/wp-content\/uploads\/2023\/11\/Dessin11-scaled.jpg?resize=1531%2C2048&amp;ssl=1 1531w, https:\/\/i0.wp.com\/lagaleriedulivre.be\/wp-content\/uploads\/2023\/11\/Dessin11-scaled.jpg?resize=45%2C60&amp;ssl=1 45w, https:\/\/i0.wp.com\/lagaleriedulivre.be\/wp-content\/uploads\/2023\/11\/Dessin11-scaled.jpg?resize=1320%2C1765&amp;ssl=1 1320w, https:\/\/i0.wp.com\/lagaleriedulivre.be\/wp-content\/uploads\/2023\/11\/Dessin11-scaled.jpg?w=1914&amp;ssl=1 1914w, https:\/\/i0.wp.com\/lagaleriedulivre.be\/wp-content\/uploads\/2023\/11\/Dessin11-scaled.jpg?w=1680 1680w\" sizes=\"auto, (max-width: 766px) 100vw, 766px\" \/><\/figure>\n<\/figure>\n\n\n\n<hr class=\"wp-block-separator has-text-color has-cyan-bluish-gray-color has-alpha-channel-opacity has-cyan-bluish-gray-background-color has-background\"\/>\n\n\n\n<p class=\"has-cyan-bluish-gray-color has-text-color\">Onofrio Palumbo <br>\u00ab N\u00e9buleuses \u00bb (09\/09 &#8211; 01\/10\/23)<\/p>\n\n\n\n<figure class=\"wp-block-image size-large\"><img data-recalc-dims=\"1\" loading=\"lazy\" decoding=\"async\" width=\"840\" height=\"596\" src=\"https:\/\/i0.wp.com\/lagaleriedulivre.be\/wp-content\/uploads\/2023\/10\/palumbo-onofrio.jpg?resize=840%2C596\" alt=\"\" class=\"wp-image-550\" srcset=\"https:\/\/i0.wp.com\/lagaleriedulivre.be\/wp-content\/uploads\/2023\/10\/palumbo-onofrio.jpg?resize=1024%2C726&amp;ssl=1 1024w, https:\/\/i0.wp.com\/lagaleriedulivre.be\/wp-content\/uploads\/2023\/10\/palumbo-onofrio.jpg?resize=300%2C213&amp;ssl=1 300w, https:\/\/i0.wp.com\/lagaleriedulivre.be\/wp-content\/uploads\/2023\/10\/palumbo-onofrio.jpg?resize=768%2C545&amp;ssl=1 768w, https:\/\/i0.wp.com\/lagaleriedulivre.be\/wp-content\/uploads\/2023\/10\/palumbo-onofrio.jpg?resize=1536%2C1090&amp;ssl=1 1536w, https:\/\/i0.wp.com\/lagaleriedulivre.be\/wp-content\/uploads\/2023\/10\/palumbo-onofrio.jpg?resize=85%2C60&amp;ssl=1 85w, https:\/\/i0.wp.com\/lagaleriedulivre.be\/wp-content\/uploads\/2023\/10\/palumbo-onofrio.jpg?resize=1320%2C936&amp;ssl=1 1320w, https:\/\/i0.wp.com\/lagaleriedulivre.be\/wp-content\/uploads\/2023\/10\/palumbo-onofrio.jpg?w=1748&amp;ssl=1 1748w, https:\/\/i0.wp.com\/lagaleriedulivre.be\/wp-content\/uploads\/2023\/10\/palumbo-onofrio.jpg?w=1680 1680w\" sizes=\"auto, (max-width: 840px) 100vw, 840px\" \/><\/figure>\n\n\n\n<hr class=\"wp-block-separator has-text-color has-cyan-bluish-gray-color has-alpha-channel-opacity has-cyan-bluish-gray-background-color has-background is-style-wide\"\/>\n\n\n\n<p class=\"has-cyan-bluish-gray-color has-text-color\">Mich\u00e8le Divoy &amp; Nicolas Delattre <br>\u00ab Li\u00e8gitime d\u00e9fense \u00bb (05 &#8211; 27\/08\/23)<\/p>\n\n\n\n<figure class=\"wp-block-image size-large\"><img data-recalc-dims=\"1\" loading=\"lazy\" decoding=\"async\" width=\"840\" height=\"578\" src=\"https:\/\/i0.wp.com\/lagaleriedulivre.be\/wp-content\/uploads\/2023\/09\/LiegitimeDefense_20x30-10.jpg?resize=840%2C578\" alt=\"\" class=\"wp-image-517\" srcset=\"https:\/\/i0.wp.com\/lagaleriedulivre.be\/wp-content\/uploads\/2023\/09\/LiegitimeDefense_20x30-10.jpg?resize=1024%2C705&amp;ssl=1 1024w, https:\/\/i0.wp.com\/lagaleriedulivre.be\/wp-content\/uploads\/2023\/09\/LiegitimeDefense_20x30-10.jpg?resize=300%2C207&amp;ssl=1 300w, https:\/\/i0.wp.com\/lagaleriedulivre.be\/wp-content\/uploads\/2023\/09\/LiegitimeDefense_20x30-10.jpg?resize=768%2C529&amp;ssl=1 768w, https:\/\/i0.wp.com\/lagaleriedulivre.be\/wp-content\/uploads\/2023\/09\/LiegitimeDefense_20x30-10.jpg?resize=87%2C60&amp;ssl=1 87w, https:\/\/i0.wp.com\/lagaleriedulivre.be\/wp-content\/uploads\/2023\/09\/LiegitimeDefense_20x30-10.jpg?w=1320&amp;ssl=1 1320w\" sizes=\"auto, (max-width: 840px) 100vw, 840px\" \/><\/figure>\n\n\n\n<hr class=\"wp-block-separator has-text-color has-cyan-bluish-gray-color has-alpha-channel-opacity has-cyan-bluish-gray-background-color has-background\"\/>\n\n\n\n<p class=\"has-cyan-bluish-gray-color has-text-color\">Audrey Gallez <br>\u00ab Les Secrets de la F\u00e9e du Sureau \u00bb (20\/05 &#8211; 16\/07\/23)<\/p>\n\n\n\n<figure class=\"wp-block-image size-large\"><img data-recalc-dims=\"1\" loading=\"lazy\" decoding=\"async\" width=\"840\" height=\"594\" src=\"https:\/\/i0.wp.com\/lagaleriedulivre.be\/wp-content\/uploads\/2023\/08\/affiche-expo-FDS.jpg?resize=840%2C594\" alt=\"\" class=\"wp-image-508\" srcset=\"https:\/\/i0.wp.com\/lagaleriedulivre.be\/wp-content\/uploads\/2023\/08\/affiche-expo-FDS.jpg?resize=1024%2C724&amp;ssl=1 1024w, https:\/\/i0.wp.com\/lagaleriedulivre.be\/wp-content\/uploads\/2023\/08\/affiche-expo-FDS.jpg?resize=300%2C212&amp;ssl=1 300w, https:\/\/i0.wp.com\/lagaleriedulivre.be\/wp-content\/uploads\/2023\/08\/affiche-expo-FDS.jpg?resize=768%2C543&amp;ssl=1 768w, https:\/\/i0.wp.com\/lagaleriedulivre.be\/wp-content\/uploads\/2023\/08\/affiche-expo-FDS.jpg?resize=85%2C60&amp;ssl=1 85w, https:\/\/i0.wp.com\/lagaleriedulivre.be\/wp-content\/uploads\/2023\/08\/affiche-expo-FDS.jpg?w=1161&amp;ssl=1 1161w\" sizes=\"auto, (max-width: 840px) 100vw, 840px\" \/><\/figure>\n\n\n\n<hr class=\"wp-block-separator has-text-color has-cyan-bluish-gray-color has-alpha-channel-opacity has-cyan-bluish-gray-background-color has-background\"\/>\n\n\n\n<p class=\"has-cyan-bluish-gray-color has-text-color\">Angelica Iannello &amp; Maria Carracedo Rio <br>\u00ab Frisson v\u00e9g\u00e9tal \u00bb (22\/04 &#8211; 14\/05\/23)<\/p>\n\n\n\n<figure class=\"wp-block-gallery has-nested-images columns-default is-cropped wp-block-gallery-15 is-layout-flex wp-block-gallery-is-layout-flex\">\n<figure class=\"wp-block-image size-large\"><img data-recalc-dims=\"1\" loading=\"lazy\" decoding=\"async\" width=\"768\" height=\"1024\" data-id=\"481\" src=\"https:\/\/i0.wp.com\/lagaleriedulivre.be\/wp-content\/uploads\/2023\/05\/342719099_233147036064532_580459990817960452_n.jpg?resize=768%2C1024\" alt=\"\" class=\"wp-image-481\" srcset=\"https:\/\/i0.wp.com\/lagaleriedulivre.be\/wp-content\/uploads\/2023\/05\/342719099_233147036064532_580459990817960452_n.jpg?resize=768%2C1024&amp;ssl=1 768w, https:\/\/i0.wp.com\/lagaleriedulivre.be\/wp-content\/uploads\/2023\/05\/342719099_233147036064532_580459990817960452_n.jpg?resize=225%2C300&amp;ssl=1 225w, https:\/\/i0.wp.com\/lagaleriedulivre.be\/wp-content\/uploads\/2023\/05\/342719099_233147036064532_580459990817960452_n.jpg?resize=1152%2C1536&amp;ssl=1 1152w, https:\/\/i0.wp.com\/lagaleriedulivre.be\/wp-content\/uploads\/2023\/05\/342719099_233147036064532_580459990817960452_n.jpg?resize=45%2C60&amp;ssl=1 45w, https:\/\/i0.wp.com\/lagaleriedulivre.be\/wp-content\/uploads\/2023\/05\/342719099_233147036064532_580459990817960452_n.jpg?resize=1320%2C1760&amp;ssl=1 1320w, https:\/\/i0.wp.com\/lagaleriedulivre.be\/wp-content\/uploads\/2023\/05\/342719099_233147036064532_580459990817960452_n.jpg?w=1536&amp;ssl=1 1536w\" sizes=\"auto, (max-width: 768px) 100vw, 768px\" \/><\/figure>\n\n\n\n<figure class=\"wp-block-image size-large\"><img data-recalc-dims=\"1\" loading=\"lazy\" decoding=\"async\" width=\"839\" height=\"1024\" data-id=\"482\" src=\"https:\/\/i0.wp.com\/lagaleriedulivre.be\/wp-content\/uploads\/2023\/05\/gravure-frisson-vegetal095.jpg?resize=839%2C1024\" alt=\"\" class=\"wp-image-482\" srcset=\"https:\/\/i0.wp.com\/lagaleriedulivre.be\/wp-content\/uploads\/2023\/05\/gravure-frisson-vegetal095-scaled.jpg?resize=839%2C1024&amp;ssl=1 839w, https:\/\/i0.wp.com\/lagaleriedulivre.be\/wp-content\/uploads\/2023\/05\/gravure-frisson-vegetal095-scaled.jpg?resize=246%2C300&amp;ssl=1 246w, https:\/\/i0.wp.com\/lagaleriedulivre.be\/wp-content\/uploads\/2023\/05\/gravure-frisson-vegetal095-scaled.jpg?resize=768%2C938&amp;ssl=1 768w, https:\/\/i0.wp.com\/lagaleriedulivre.be\/wp-content\/uploads\/2023\/05\/gravure-frisson-vegetal095-scaled.jpg?resize=1258%2C1536&amp;ssl=1 1258w, https:\/\/i0.wp.com\/lagaleriedulivre.be\/wp-content\/uploads\/2023\/05\/gravure-frisson-vegetal095-scaled.jpg?resize=1677%2C2048&amp;ssl=1 1677w, https:\/\/i0.wp.com\/lagaleriedulivre.be\/wp-content\/uploads\/2023\/05\/gravure-frisson-vegetal095-scaled.jpg?resize=49%2C60&amp;ssl=1 49w, https:\/\/i0.wp.com\/lagaleriedulivre.be\/wp-content\/uploads\/2023\/05\/gravure-frisson-vegetal095-scaled.jpg?resize=1320%2C1612&amp;ssl=1 1320w\" sizes=\"auto, (max-width: 839px) 100vw, 839px\" \/><\/figure>\n<\/figure>\n\n\n\n<hr class=\"wp-block-separator has-text-color has-cyan-bluish-gray-color has-alpha-channel-opacity has-cyan-bluish-gray-background-color has-background\"\/>\n\n\n\n<p class=\"has-cyan-bluish-gray-color has-text-color\">Pierre Gerard &#8211; Beno\u00eet F\u00e9lix &#8211; Alexia Creusen &#8211; Alexane Sanchez &#8211; Sel\u00e7uk Mutlu &#8211; Andr\u00e9 Dael &#8211; Daniel Meyer &#8211; Olivier P\u00e9<br>\u00ab Rivages \u00bb (25\/03 &#8211; 16\/04\/23)<br>\u00e0 l&rsquo;occasion de la parution de \u00ab Chaos Logos \u00bb d&rsquo;Oliver P\u00e9 aux \u00e9d. <a rel=\"noreferrer noopener\" href=\"http:\/\/bozon2x.be\" target=\"_blank\">BOZON2X<\/a><\/p>\n\n\n\n<figure class=\"wp-block-gallery has-nested-images columns-default is-cropped wp-block-gallery-16 is-layout-flex wp-block-gallery-is-layout-flex\">\n<figure class=\"wp-block-image size-large\"><img data-recalc-dims=\"1\" loading=\"lazy\" decoding=\"async\" width=\"437\" height=\"577\" data-id=\"478\" src=\"https:\/\/i0.wp.com\/lagaleriedulivre.be\/wp-content\/uploads\/2023\/05\/339323854_1216243835677043_363340144681401374_n.jpg?resize=437%2C577\" alt=\"\" class=\"wp-image-478\" srcset=\"https:\/\/i0.wp.com\/lagaleriedulivre.be\/wp-content\/uploads\/2023\/05\/339323854_1216243835677043_363340144681401374_n.jpg?w=437&amp;ssl=1 437w, https:\/\/i0.wp.com\/lagaleriedulivre.be\/wp-content\/uploads\/2023\/05\/339323854_1216243835677043_363340144681401374_n.jpg?resize=227%2C300&amp;ssl=1 227w, https:\/\/i0.wp.com\/lagaleriedulivre.be\/wp-content\/uploads\/2023\/05\/339323854_1216243835677043_363340144681401374_n.jpg?resize=45%2C60&amp;ssl=1 45w\" sizes=\"auto, (max-width: 437px) 100vw, 437px\" \/><\/figure>\n\n\n\n<figure class=\"wp-block-image size-large\"><img data-recalc-dims=\"1\" loading=\"lazy\" decoding=\"async\" width=\"768\" height=\"1024\" data-id=\"479\" src=\"https:\/\/i0.wp.com\/lagaleriedulivre.be\/wp-content\/uploads\/2023\/05\/IMG_0772.jpg?resize=768%2C1024\" alt=\"\" class=\"wp-image-479\" srcset=\"https:\/\/i0.wp.com\/lagaleriedulivre.be\/wp-content\/uploads\/2023\/05\/IMG_0772-scaled.jpg?resize=768%2C1024&amp;ssl=1 768w, https:\/\/i0.wp.com\/lagaleriedulivre.be\/wp-content\/uploads\/2023\/05\/IMG_0772-scaled.jpg?resize=225%2C300&amp;ssl=1 225w, https:\/\/i0.wp.com\/lagaleriedulivre.be\/wp-content\/uploads\/2023\/05\/IMG_0772-scaled.jpg?resize=1152%2C1536&amp;ssl=1 1152w, https:\/\/i0.wp.com\/lagaleriedulivre.be\/wp-content\/uploads\/2023\/05\/IMG_0772-scaled.jpg?resize=1536%2C2048&amp;ssl=1 1536w, https:\/\/i0.wp.com\/lagaleriedulivre.be\/wp-content\/uploads\/2023\/05\/IMG_0772-scaled.jpg?resize=45%2C60&amp;ssl=1 45w, https:\/\/i0.wp.com\/lagaleriedulivre.be\/wp-content\/uploads\/2023\/05\/IMG_0772-scaled.jpg?resize=1320%2C1760&amp;ssl=1 1320w, https:\/\/i0.wp.com\/lagaleriedulivre.be\/wp-content\/uploads\/2023\/05\/IMG_0772-scaled.jpg?w=1920&amp;ssl=1 1920w, https:\/\/i0.wp.com\/lagaleriedulivre.be\/wp-content\/uploads\/2023\/05\/IMG_0772-scaled.jpg?w=1680 1680w\" sizes=\"auto, (max-width: 768px) 100vw, 768px\" \/><\/figure>\n\n\n\n<figure class=\"wp-block-image size-large\"><img data-recalc-dims=\"1\" loading=\"lazy\" decoding=\"async\" width=\"768\" height=\"1024\" data-id=\"480\" src=\"https:\/\/i0.wp.com\/lagaleriedulivre.be\/wp-content\/uploads\/2023\/05\/IMG_0775-1.jpg?resize=768%2C1024\" alt=\"\" class=\"wp-image-480\" srcset=\"https:\/\/i0.wp.com\/lagaleriedulivre.be\/wp-content\/uploads\/2023\/05\/IMG_0775-1-scaled.jpg?resize=768%2C1024&amp;ssl=1 768w, https:\/\/i0.wp.com\/lagaleriedulivre.be\/wp-content\/uploads\/2023\/05\/IMG_0775-1-scaled.jpg?resize=225%2C300&amp;ssl=1 225w, https:\/\/i0.wp.com\/lagaleriedulivre.be\/wp-content\/uploads\/2023\/05\/IMG_0775-1-scaled.jpg?resize=1152%2C1536&amp;ssl=1 1152w, https:\/\/i0.wp.com\/lagaleriedulivre.be\/wp-content\/uploads\/2023\/05\/IMG_0775-1-scaled.jpg?resize=1536%2C2048&amp;ssl=1 1536w, https:\/\/i0.wp.com\/lagaleriedulivre.be\/wp-content\/uploads\/2023\/05\/IMG_0775-1-scaled.jpg?resize=45%2C60&amp;ssl=1 45w, https:\/\/i0.wp.com\/lagaleriedulivre.be\/wp-content\/uploads\/2023\/05\/IMG_0775-1-scaled.jpg?resize=1320%2C1760&amp;ssl=1 1320w, https:\/\/i0.wp.com\/lagaleriedulivre.be\/wp-content\/uploads\/2023\/05\/IMG_0775-1-scaled.jpg?w=1920&amp;ssl=1 1920w, https:\/\/i0.wp.com\/lagaleriedulivre.be\/wp-content\/uploads\/2023\/05\/IMG_0775-1-scaled.jpg?w=1680 1680w\" sizes=\"auto, (max-width: 768px) 100vw, 768px\" \/><\/figure>\n<\/figure>\n\n\n\n<hr class=\"wp-block-separator has-text-color has-cyan-bluish-gray-color has-alpha-channel-opacity has-cyan-bluish-gray-background-color has-background\"\/>\n\n\n\n<p class=\"has-cyan-bluish-gray-color has-text-color\"><strong>St\u00e9phane Gerhards<\/strong><br>\u00ab Antre nous \u00bb (11\/02 &#8211; 05\/03\/23)<br>Dessins, gravures, sculptures<\/p>\n\n\n\n<figure class=\"wp-block-gallery has-nested-images columns-default is-cropped wp-block-gallery-17 is-layout-flex wp-block-gallery-is-layout-flex\">\n<figure class=\"wp-block-image size-large\"><img data-recalc-dims=\"1\" loading=\"lazy\" decoding=\"async\" width=\"840\" height=\"560\" data-id=\"444\" src=\"https:\/\/i0.wp.com\/lagaleriedulivre.be\/wp-content\/uploads\/2023\/03\/expo-4.jpg?resize=840%2C560\" alt=\"\" class=\"wp-image-444\" srcset=\"https:\/\/i0.wp.com\/lagaleriedulivre.be\/wp-content\/uploads\/2023\/03\/expo-4.jpg?resize=1024%2C683&amp;ssl=1 1024w, https:\/\/i0.wp.com\/lagaleriedulivre.be\/wp-content\/uploads\/2023\/03\/expo-4.jpg?resize=300%2C200&amp;ssl=1 300w, https:\/\/i0.wp.com\/lagaleriedulivre.be\/wp-content\/uploads\/2023\/03\/expo-4.jpg?resize=768%2C512&amp;ssl=1 768w, https:\/\/i0.wp.com\/lagaleriedulivre.be\/wp-content\/uploads\/2023\/03\/expo-4.jpg?resize=1536%2C1024&amp;ssl=1 1536w, https:\/\/i0.wp.com\/lagaleriedulivre.be\/wp-content\/uploads\/2023\/03\/expo-4.jpg?resize=90%2C60&amp;ssl=1 90w, https:\/\/i0.wp.com\/lagaleriedulivre.be\/wp-content\/uploads\/2023\/03\/expo-4.jpg?resize=420%2C280&amp;ssl=1 420w, https:\/\/i0.wp.com\/lagaleriedulivre.be\/wp-content\/uploads\/2023\/03\/expo-4.jpg?resize=1320%2C880&amp;ssl=1 1320w, https:\/\/i0.wp.com\/lagaleriedulivre.be\/wp-content\/uploads\/2023\/03\/expo-4.jpg?w=1608&amp;ssl=1 1608w\" sizes=\"auto, (max-width: 840px) 100vw, 840px\" \/><\/figure>\n\n\n\n<figure class=\"wp-block-image size-large\"><img data-recalc-dims=\"1\" loading=\"lazy\" decoding=\"async\" width=\"840\" height=\"560\" data-id=\"445\" src=\"https:\/\/i0.wp.com\/lagaleriedulivre.be\/wp-content\/uploads\/2023\/03\/expo-1.jpg?resize=840%2C560\" alt=\"\" class=\"wp-image-445\" srcset=\"https:\/\/i0.wp.com\/lagaleriedulivre.be\/wp-content\/uploads\/2023\/03\/expo-1.jpg?resize=1024%2C683&amp;ssl=1 1024w, https:\/\/i0.wp.com\/lagaleriedulivre.be\/wp-content\/uploads\/2023\/03\/expo-1.jpg?resize=300%2C200&amp;ssl=1 300w, https:\/\/i0.wp.com\/lagaleriedulivre.be\/wp-content\/uploads\/2023\/03\/expo-1.jpg?resize=768%2C512&amp;ssl=1 768w, https:\/\/i0.wp.com\/lagaleriedulivre.be\/wp-content\/uploads\/2023\/03\/expo-1.jpg?resize=1536%2C1024&amp;ssl=1 1536w, https:\/\/i0.wp.com\/lagaleriedulivre.be\/wp-content\/uploads\/2023\/03\/expo-1.jpg?resize=90%2C60&amp;ssl=1 90w, https:\/\/i0.wp.com\/lagaleriedulivre.be\/wp-content\/uploads\/2023\/03\/expo-1.jpg?resize=420%2C280&amp;ssl=1 420w, https:\/\/i0.wp.com\/lagaleriedulivre.be\/wp-content\/uploads\/2023\/03\/expo-1.jpg?resize=1320%2C880&amp;ssl=1 1320w, https:\/\/i0.wp.com\/lagaleriedulivre.be\/wp-content\/uploads\/2023\/03\/expo-1.jpg?w=1608&amp;ssl=1 1608w\" sizes=\"auto, (max-width: 840px) 100vw, 840px\" \/><\/figure>\n<\/figure>\n\n\n\n<hr class=\"wp-block-separator has-text-color has-cyan-bluish-gray-color has-alpha-channel-opacity has-cyan-bluish-gray-background-color has-background\"\/>\n\n\n\n<p class=\"has-cyan-bluish-gray-color has-text-color\"><strong>Hannelore Charlotte &#8211; Anne Garnier &#8211; Lison &#8211; Emilio Lopez-Menchero &#8211; Messieurs Delmotte &#8211; Pascale Truc &#8211; Johanna Van Overmeir<\/strong><br>\u00ab As the world turns \u00bb (03\/12\/22 &#8211; 08\/01\/23)<\/p>\n\n\n\n<figure class=\"wp-block-gallery has-nested-images columns-default is-cropped wp-block-gallery-18 is-layout-flex wp-block-gallery-is-layout-flex\">\n<figure class=\"wp-block-image size-large\"><img data-recalc-dims=\"1\" loading=\"lazy\" decoding=\"async\" width=\"840\" height=\"594\" data-id=\"422\" src=\"https:\/\/i0.wp.com\/lagaleriedulivre.be\/wp-content\/uploads\/2023\/02\/affiche-As-the-world-turns.jpg?resize=840%2C594\" alt=\"\" class=\"wp-image-422\" srcset=\"https:\/\/i0.wp.com\/lagaleriedulivre.be\/wp-content\/uploads\/2023\/02\/affiche-As-the-world-turns.jpg?resize=1024%2C724&amp;ssl=1 1024w, https:\/\/i0.wp.com\/lagaleriedulivre.be\/wp-content\/uploads\/2023\/02\/affiche-As-the-world-turns.jpg?resize=300%2C212&amp;ssl=1 300w, https:\/\/i0.wp.com\/lagaleriedulivre.be\/wp-content\/uploads\/2023\/02\/affiche-As-the-world-turns.jpg?resize=768%2C543&amp;ssl=1 768w, https:\/\/i0.wp.com\/lagaleriedulivre.be\/wp-content\/uploads\/2023\/02\/affiche-As-the-world-turns.jpg?resize=1536%2C1086&amp;ssl=1 1536w, https:\/\/i0.wp.com\/lagaleriedulivre.be\/wp-content\/uploads\/2023\/02\/affiche-As-the-world-turns.jpg?resize=85%2C60&amp;ssl=1 85w, https:\/\/i0.wp.com\/lagaleriedulivre.be\/wp-content\/uploads\/2023\/02\/affiche-As-the-world-turns.jpg?resize=1320%2C934&amp;ssl=1 1320w, https:\/\/i0.wp.com\/lagaleriedulivre.be\/wp-content\/uploads\/2023\/02\/affiche-As-the-world-turns.jpg?w=1561&amp;ssl=1 1561w\" sizes=\"auto, (max-width: 840px) 100vw, 840px\" \/><\/figure>\n<\/figure>\n\n\n\n<hr class=\"wp-block-separator has-text-color has-cyan-bluish-gray-color has-alpha-channel-opacity has-cyan-bluish-gray-background-color has-background\"\/>\n\n\n\n<p class=\"has-cyan-bluish-gray-color has-text-color\"><strong>Andr\u00e9 Detiffe \/ Benjamin Monti  <\/strong><br>\u00ab Photos &amp; Graphies \u00bb (05\/11 &#8211; 27\/11\/2022)<\/p>\n\n\n\n<figure class=\"wp-block-gallery has-nested-images columns-default is-cropped wp-block-gallery-19 is-layout-flex wp-block-gallery-is-layout-flex\">\n<figure class=\"wp-block-image size-large\"><img data-recalc-dims=\"1\" loading=\"lazy\" decoding=\"async\" width=\"755\" height=\"1024\" data-id=\"418\" src=\"https:\/\/i0.wp.com\/lagaleriedulivre.be\/wp-content\/uploads\/2023\/02\/Detiffe.jpg?resize=755%2C1024\" alt=\"\" class=\"wp-image-418\" srcset=\"https:\/\/i0.wp.com\/lagaleriedulivre.be\/wp-content\/uploads\/2023\/02\/Detiffe.jpg?resize=755%2C1024&amp;ssl=1 755w, https:\/\/i0.wp.com\/lagaleriedulivre.be\/wp-content\/uploads\/2023\/02\/Detiffe.jpg?resize=221%2C300&amp;ssl=1 221w, https:\/\/i0.wp.com\/lagaleriedulivre.be\/wp-content\/uploads\/2023\/02\/Detiffe.jpg?resize=768%2C1042&amp;ssl=1 768w, https:\/\/i0.wp.com\/lagaleriedulivre.be\/wp-content\/uploads\/2023\/02\/Detiffe.jpg?resize=1132%2C1536&amp;ssl=1 1132w, https:\/\/i0.wp.com\/lagaleriedulivre.be\/wp-content\/uploads\/2023\/02\/Detiffe.jpg?resize=1510%2C2048&amp;ssl=1 1510w, https:\/\/i0.wp.com\/lagaleriedulivre.be\/wp-content\/uploads\/2023\/02\/Detiffe.jpg?resize=44%2C60&amp;ssl=1 44w, https:\/\/i0.wp.com\/lagaleriedulivre.be\/wp-content\/uploads\/2023\/02\/Detiffe.jpg?resize=1320%2C1791&amp;ssl=1 1320w, https:\/\/i0.wp.com\/lagaleriedulivre.be\/wp-content\/uploads\/2023\/02\/Detiffe.jpg?w=1654&amp;ssl=1 1654w\" sizes=\"auto, (max-width: 755px) 100vw, 755px\" \/><\/figure>\n\n\n\n<figure class=\"wp-block-image size-large\"><img data-recalc-dims=\"1\" loading=\"lazy\" decoding=\"async\" width=\"755\" height=\"1024\" data-id=\"419\" src=\"https:\/\/i0.wp.com\/lagaleriedulivre.be\/wp-content\/uploads\/2023\/02\/Benjamin.jpg?resize=755%2C1024\" alt=\"\" class=\"wp-image-419\" srcset=\"https:\/\/i0.wp.com\/lagaleriedulivre.be\/wp-content\/uploads\/2023\/02\/Benjamin.jpg?resize=755%2C1024&amp;ssl=1 755w, https:\/\/i0.wp.com\/lagaleriedulivre.be\/wp-content\/uploads\/2023\/02\/Benjamin.jpg?resize=221%2C300&amp;ssl=1 221w, https:\/\/i0.wp.com\/lagaleriedulivre.be\/wp-content\/uploads\/2023\/02\/Benjamin.jpg?resize=768%2C1042&amp;ssl=1 768w, https:\/\/i0.wp.com\/lagaleriedulivre.be\/wp-content\/uploads\/2023\/02\/Benjamin.jpg?resize=1132%2C1536&amp;ssl=1 1132w, https:\/\/i0.wp.com\/lagaleriedulivre.be\/wp-content\/uploads\/2023\/02\/Benjamin.jpg?resize=1510%2C2048&amp;ssl=1 1510w, https:\/\/i0.wp.com\/lagaleriedulivre.be\/wp-content\/uploads\/2023\/02\/Benjamin.jpg?resize=44%2C60&amp;ssl=1 44w, https:\/\/i0.wp.com\/lagaleriedulivre.be\/wp-content\/uploads\/2023\/02\/Benjamin.jpg?resize=1320%2C1791&amp;ssl=1 1320w, https:\/\/i0.wp.com\/lagaleriedulivre.be\/wp-content\/uploads\/2023\/02\/Benjamin.jpg?w=1654&amp;ssl=1 1654w\" sizes=\"auto, (max-width: 755px) 100vw, 755px\" \/><\/figure>\n<\/figure>\n\n\n\n<hr class=\"wp-block-separator has-text-color has-cyan-bluish-gray-color has-alpha-channel-opacity has-cyan-bluish-gray-background-color has-background\"\/>\n\n\n\n<p class=\"has-cyan-bluish-gray-color has-text-color\"><strong>Ren\u00e9 Weling <\/strong><br>\u00ab Herbes folles \u00bb (08\/10 &#8211; 30\/10\/2022)<br>Gravures et peintures <\/p>\n\n\n\n<figure class=\"wp-block-gallery has-nested-images columns-default is-cropped wp-block-gallery-20 is-layout-flex wp-block-gallery-is-layout-flex\">\n<figure class=\"wp-block-image size-large\"><img data-recalc-dims=\"1\" loading=\"lazy\" decoding=\"async\" width=\"840\" height=\"953\" data-id=\"416\" src=\"https:\/\/i0.wp.com\/lagaleriedulivre.be\/wp-content\/uploads\/2023\/02\/IMG_20220706_080054_947.jpg?resize=840%2C953\" alt=\"\" class=\"wp-image-416\" srcset=\"https:\/\/i0.wp.com\/lagaleriedulivre.be\/wp-content\/uploads\/2023\/02\/IMG_20220706_080054_947.jpg?resize=903%2C1024&amp;ssl=1 903w, https:\/\/i0.wp.com\/lagaleriedulivre.be\/wp-content\/uploads\/2023\/02\/IMG_20220706_080054_947.jpg?resize=265%2C300&amp;ssl=1 265w, https:\/\/i0.wp.com\/lagaleriedulivre.be\/wp-content\/uploads\/2023\/02\/IMG_20220706_080054_947.jpg?resize=768%2C871&amp;ssl=1 768w, https:\/\/i0.wp.com\/lagaleriedulivre.be\/wp-content\/uploads\/2023\/02\/IMG_20220706_080054_947.jpg?resize=1354%2C1536&amp;ssl=1 1354w, https:\/\/i0.wp.com\/lagaleriedulivre.be\/wp-content\/uploads\/2023\/02\/IMG_20220706_080054_947.jpg?resize=53%2C60&amp;ssl=1 53w, https:\/\/i0.wp.com\/lagaleriedulivre.be\/wp-content\/uploads\/2023\/02\/IMG_20220706_080054_947.jpg?resize=1320%2C1497&amp;ssl=1 1320w, https:\/\/i0.wp.com\/lagaleriedulivre.be\/wp-content\/uploads\/2023\/02\/IMG_20220706_080054_947.jpg?w=1796&amp;ssl=1 1796w, https:\/\/i0.wp.com\/lagaleriedulivre.be\/wp-content\/uploads\/2023\/02\/IMG_20220706_080054_947.jpg?w=1680 1680w\" sizes=\"auto, (max-width: 840px) 100vw, 840px\" \/><\/figure>\n\n\n\n<figure class=\"wp-block-image size-large\"><img data-recalc-dims=\"1\" loading=\"lazy\" decoding=\"async\" width=\"840\" height=\"806\" data-id=\"417\" src=\"https:\/\/i0.wp.com\/lagaleriedulivre.be\/wp-content\/uploads\/2023\/02\/IMG_20220601_121839.jpg?resize=840%2C806\" alt=\"\" class=\"wp-image-417\" srcset=\"https:\/\/i0.wp.com\/lagaleriedulivre.be\/wp-content\/uploads\/2023\/02\/IMG_20220601_121839.jpg?resize=1024%2C982&amp;ssl=1 1024w, https:\/\/i0.wp.com\/lagaleriedulivre.be\/wp-content\/uploads\/2023\/02\/IMG_20220601_121839.jpg?resize=300%2C288&amp;ssl=1 300w, https:\/\/i0.wp.com\/lagaleriedulivre.be\/wp-content\/uploads\/2023\/02\/IMG_20220601_121839.jpg?resize=768%2C737&amp;ssl=1 768w, https:\/\/i0.wp.com\/lagaleriedulivre.be\/wp-content\/uploads\/2023\/02\/IMG_20220601_121839.jpg?resize=1536%2C1473&amp;ssl=1 1536w, https:\/\/i0.wp.com\/lagaleriedulivre.be\/wp-content\/uploads\/2023\/02\/IMG_20220601_121839.jpg?resize=2048%2C1965&amp;ssl=1 2048w, https:\/\/i0.wp.com\/lagaleriedulivre.be\/wp-content\/uploads\/2023\/02\/IMG_20220601_121839.jpg?resize=63%2C60&amp;ssl=1 63w, https:\/\/i0.wp.com\/lagaleriedulivre.be\/wp-content\/uploads\/2023\/02\/IMG_20220601_121839.jpg?resize=1320%2C1266&amp;ssl=1 1320w, https:\/\/i0.wp.com\/lagaleriedulivre.be\/wp-content\/uploads\/2023\/02\/IMG_20220601_121839.jpg?w=1680 1680w\" sizes=\"auto, (max-width: 840px) 100vw, 840px\" \/><\/figure>\n<\/figure>\n\n\n\n<figure class=\"wp-block-embed is-type-video is-provider-vimeo wp-block-embed-vimeo wp-embed-aspect-16-9 wp-has-aspect-ratio\"><div class=\"wp-block-embed__wrapper\">\n<iframe loading=\"lazy\" title=\"Entretien Ren\u00e9 Weling\" src=\"https:\/\/player.vimeo.com\/video\/761583561?dnt=1&amp;app_id=122963\" width=\"840\" height=\"473\" frameborder=\"0\" allow=\"autoplay; fullscreen; picture-in-picture; clipboard-write; encrypted-media; web-share\" referrerpolicy=\"strict-origin-when-cross-origin\"><\/iframe>\n<\/div><\/figure>\n\n\n\n<hr class=\"wp-block-separator has-text-color has-cyan-bluish-gray-color has-alpha-channel-opacity has-cyan-bluish-gray-background-color has-background\"\/>\n\n\n\n<p class=\"has-cyan-bluish-gray-color has-text-color\"><strong>Pascale Fichers \/ Adelin Donnay  <\/strong><br>\u00ab Du vent dans les toiles \u00bb (23\/07 &#8211; 11\/09\/2022)<br>Peintures et dessins<\/p>\n\n\n\n<figure class=\"wp-block-gallery has-nested-images columns-default is-cropped wp-block-gallery-21 is-layout-flex wp-block-gallery-is-layout-flex\">\n<figure class=\"wp-block-image size-large\"><img data-recalc-dims=\"1\" loading=\"lazy\" decoding=\"async\" width=\"740\" height=\"1043\" data-id=\"348\" src=\"https:\/\/i0.wp.com\/lagaleriedulivre.be\/wp-content\/uploads\/2022\/09\/invitation-Adelin-Donnay.jpg?resize=740%2C1043\" alt=\"\" class=\"wp-image-348\" srcset=\"https:\/\/i0.wp.com\/lagaleriedulivre.be\/wp-content\/uploads\/2022\/09\/invitation-Adelin-Donnay.jpg?w=740&amp;ssl=1 740w, https:\/\/i0.wp.com\/lagaleriedulivre.be\/wp-content\/uploads\/2022\/09\/invitation-Adelin-Donnay.jpg?resize=213%2C300&amp;ssl=1 213w, https:\/\/i0.wp.com\/lagaleriedulivre.be\/wp-content\/uploads\/2022\/09\/invitation-Adelin-Donnay.jpg?resize=727%2C1024&amp;ssl=1 727w, https:\/\/i0.wp.com\/lagaleriedulivre.be\/wp-content\/uploads\/2022\/09\/invitation-Adelin-Donnay.jpg?resize=43%2C60&amp;ssl=1 43w\" sizes=\"auto, (max-width: 740px) 100vw, 740px\" \/><figcaption class=\"wp-element-caption\">Adelin Donnay<\/figcaption><\/figure>\n\n\n\n<figure class=\"wp-block-image size-large\"><img data-recalc-dims=\"1\" loading=\"lazy\" decoding=\"async\" width=\"740\" height=\"1043\" data-id=\"349\" src=\"https:\/\/i0.wp.com\/lagaleriedulivre.be\/wp-content\/uploads\/2022\/09\/invitation-Pascale-Fichers.jpg?resize=740%2C1043\" alt=\"\" class=\"wp-image-349\" srcset=\"https:\/\/i0.wp.com\/lagaleriedulivre.be\/wp-content\/uploads\/2022\/09\/invitation-Pascale-Fichers.jpg?w=740&amp;ssl=1 740w, https:\/\/i0.wp.com\/lagaleriedulivre.be\/wp-content\/uploads\/2022\/09\/invitation-Pascale-Fichers.jpg?resize=213%2C300&amp;ssl=1 213w, https:\/\/i0.wp.com\/lagaleriedulivre.be\/wp-content\/uploads\/2022\/09\/invitation-Pascale-Fichers.jpg?resize=727%2C1024&amp;ssl=1 727w, https:\/\/i0.wp.com\/lagaleriedulivre.be\/wp-content\/uploads\/2022\/09\/invitation-Pascale-Fichers.jpg?resize=43%2C60&amp;ssl=1 43w\" sizes=\"auto, (max-width: 740px) 100vw, 740px\" \/><figcaption class=\"wp-element-caption\">Pascale Fichers<\/figcaption><\/figure>\n<\/figure>\n\n\n\n<hr class=\"wp-block-separator has-text-color has-cyan-bluish-gray-color has-alpha-channel-opacity has-cyan-bluish-gray-background-color has-background\"\/>\n\n\n\n<p class=\"has-cyan-bluish-gray-color has-text-color\"><strong>Michel Tonneau <\/strong><br>\u00ab Et maintenant ? \u00bb (14\/05 &#8211; 12\/06\/2022)<br>Photographies et installation<\/p>\n\n\n\n<figure class=\"wp-block-gallery has-nested-images columns-default is-cropped wp-block-gallery-22 is-layout-flex wp-block-gallery-is-layout-flex\">\n<figure class=\"wp-block-image size-large\"><img data-recalc-dims=\"1\" loading=\"lazy\" decoding=\"async\" width=\"548\" height=\"389\" data-id=\"317\" src=\"https:\/\/i0.wp.com\/lagaleriedulivre.be\/wp-content\/uploads\/2022\/07\/tonneau-1.jpg?resize=548%2C389\" alt=\"\" class=\"wp-image-317\" srcset=\"https:\/\/i0.wp.com\/lagaleriedulivre.be\/wp-content\/uploads\/2022\/07\/tonneau-1.jpg?w=548&amp;ssl=1 548w, https:\/\/i0.wp.com\/lagaleriedulivre.be\/wp-content\/uploads\/2022\/07\/tonneau-1.jpg?resize=300%2C213&amp;ssl=1 300w, https:\/\/i0.wp.com\/lagaleriedulivre.be\/wp-content\/uploads\/2022\/07\/tonneau-1.jpg?resize=85%2C60&amp;ssl=1 85w\" sizes=\"auto, (max-width: 548px) 100vw, 548px\" \/><\/figure>\n\n\n\n<figure class=\"wp-block-image size-large\"><img data-recalc-dims=\"1\" loading=\"lazy\" decoding=\"async\" width=\"548\" height=\"389\" data-id=\"318\" src=\"https:\/\/i0.wp.com\/lagaleriedulivre.be\/wp-content\/uploads\/2022\/07\/tonneau-2.jpg?resize=548%2C389\" alt=\"\" class=\"wp-image-318\" srcset=\"https:\/\/i0.wp.com\/lagaleriedulivre.be\/wp-content\/uploads\/2022\/07\/tonneau-2.jpg?w=548&amp;ssl=1 548w, https:\/\/i0.wp.com\/lagaleriedulivre.be\/wp-content\/uploads\/2022\/07\/tonneau-2.jpg?resize=300%2C213&amp;ssl=1 300w, https:\/\/i0.wp.com\/lagaleriedulivre.be\/wp-content\/uploads\/2022\/07\/tonneau-2.jpg?resize=85%2C60&amp;ssl=1 85w\" sizes=\"auto, (max-width: 548px) 100vw, 548px\" \/><\/figure>\n<\/figure>\n\n\n\n<hr class=\"wp-block-separator has-text-color has-cyan-bluish-gray-color has-alpha-channel-opacity has-cyan-bluish-gray-background-color has-background\"\/>\n\n\n\n<p class=\"has-cyan-bluish-gray-color has-text-color\"><strong>Rachel Flausch et Patrick Marczewski<\/strong><br>\u00ab Petits indiens en libert\u00e9 \u00bb (11\/07\/2021)<br>Installation c\u00f4t\u00e9 jardin <\/p>\n\n\n\n<figure class=\"wp-block-gallery has-nested-images columns-default is-cropped wp-block-gallery-23 is-layout-flex wp-block-gallery-is-layout-flex\">\n<figure class=\"wp-block-image size-large\"><img data-recalc-dims=\"1\" loading=\"lazy\" decoding=\"async\" width=\"748\" height=\"531\" data-id=\"268\" src=\"https:\/\/i0.wp.com\/lagalerieduliv.cluster1.easy-hebergement.net\/wp-content\/uploads\/2022\/05\/indiens-3.jpg?resize=748%2C531&#038;ssl=1\" alt=\"\" class=\"wp-image-268\" srcset=\"https:\/\/i0.wp.com\/lagaleriedulivre.be\/wp-content\/uploads\/2022\/05\/indiens-3.jpg?w=748&amp;ssl=1 748w, https:\/\/i0.wp.com\/lagaleriedulivre.be\/wp-content\/uploads\/2022\/05\/indiens-3.jpg?resize=300%2C213&amp;ssl=1 300w, https:\/\/i0.wp.com\/lagaleriedulivre.be\/wp-content\/uploads\/2022\/05\/indiens-3.jpg?resize=85%2C60&amp;ssl=1 85w\" sizes=\"auto, (max-width: 748px) 100vw, 748px\" \/><\/figure>\n\n\n\n<figure class=\"wp-block-image size-large\"><img data-recalc-dims=\"1\" loading=\"lazy\" decoding=\"async\" width=\"840\" height=\"560\" data-id=\"266\" src=\"https:\/\/i0.wp.com\/lagalerieduliv.cluster1.easy-hebergement.net\/wp-content\/uploads\/2022\/05\/217488288_267145568507436_8762696975276047510_n-1024x683.jpg?resize=840%2C560&#038;ssl=1\" alt=\"\" class=\"wp-image-266\" srcset=\"https:\/\/i0.wp.com\/lagaleriedulivre.be\/wp-content\/uploads\/2022\/05\/217488288_267145568507436_8762696975276047510_n.jpg?resize=1024%2C683&amp;ssl=1 1024w, https:\/\/i0.wp.com\/lagaleriedulivre.be\/wp-content\/uploads\/2022\/05\/217488288_267145568507436_8762696975276047510_n.jpg?resize=300%2C200&amp;ssl=1 300w, https:\/\/i0.wp.com\/lagaleriedulivre.be\/wp-content\/uploads\/2022\/05\/217488288_267145568507436_8762696975276047510_n.jpg?resize=768%2C512&amp;ssl=1 768w, https:\/\/i0.wp.com\/lagaleriedulivre.be\/wp-content\/uploads\/2022\/05\/217488288_267145568507436_8762696975276047510_n.jpg?resize=1536%2C1024&amp;ssl=1 1536w, https:\/\/i0.wp.com\/lagaleriedulivre.be\/wp-content\/uploads\/2022\/05\/217488288_267145568507436_8762696975276047510_n.jpg?resize=90%2C60&amp;ssl=1 90w, https:\/\/i0.wp.com\/lagaleriedulivre.be\/wp-content\/uploads\/2022\/05\/217488288_267145568507436_8762696975276047510_n.jpg?resize=420%2C280&amp;ssl=1 420w, https:\/\/i0.wp.com\/lagaleriedulivre.be\/wp-content\/uploads\/2022\/05\/217488288_267145568507436_8762696975276047510_n.jpg?resize=1320%2C880&amp;ssl=1 1320w, https:\/\/i0.wp.com\/lagaleriedulivre.be\/wp-content\/uploads\/2022\/05\/217488288_267145568507436_8762696975276047510_n.jpg?w=1728&amp;ssl=1 1728w\" sizes=\"auto, (max-width: 840px) 100vw, 840px\" \/><\/figure>\n\n\n\n<figure class=\"wp-block-image size-large\"><img data-recalc-dims=\"1\" loading=\"lazy\" decoding=\"async\" width=\"840\" height=\"560\" data-id=\"267\" src=\"https:\/\/i0.wp.com\/lagalerieduliv.cluster1.easy-hebergement.net\/wp-content\/uploads\/2022\/05\/216283012_265731645315495_4623506788155092840_n-1024x683.jpg?resize=840%2C560&#038;ssl=1\" alt=\"\" class=\"wp-image-267\" srcset=\"https:\/\/i0.wp.com\/lagaleriedulivre.be\/wp-content\/uploads\/2022\/05\/216283012_265731645315495_4623506788155092840_n.jpg?resize=1024%2C683&amp;ssl=1 1024w, https:\/\/i0.wp.com\/lagaleriedulivre.be\/wp-content\/uploads\/2022\/05\/216283012_265731645315495_4623506788155092840_n.jpg?resize=300%2C200&amp;ssl=1 300w, https:\/\/i0.wp.com\/lagaleriedulivre.be\/wp-content\/uploads\/2022\/05\/216283012_265731645315495_4623506788155092840_n.jpg?resize=768%2C512&amp;ssl=1 768w, https:\/\/i0.wp.com\/lagaleriedulivre.be\/wp-content\/uploads\/2022\/05\/216283012_265731645315495_4623506788155092840_n.jpg?resize=1536%2C1024&amp;ssl=1 1536w, https:\/\/i0.wp.com\/lagaleriedulivre.be\/wp-content\/uploads\/2022\/05\/216283012_265731645315495_4623506788155092840_n.jpg?resize=90%2C60&amp;ssl=1 90w, https:\/\/i0.wp.com\/lagaleriedulivre.be\/wp-content\/uploads\/2022\/05\/216283012_265731645315495_4623506788155092840_n.jpg?resize=420%2C280&amp;ssl=1 420w, https:\/\/i0.wp.com\/lagaleriedulivre.be\/wp-content\/uploads\/2022\/05\/216283012_265731645315495_4623506788155092840_n.jpg?resize=1320%2C880&amp;ssl=1 1320w, https:\/\/i0.wp.com\/lagaleriedulivre.be\/wp-content\/uploads\/2022\/05\/216283012_265731645315495_4623506788155092840_n.jpg?w=1728&amp;ssl=1 1728w\" sizes=\"auto, (max-width: 840px) 100vw, 840px\" \/><\/figure>\n<\/figure>\n\n\n\n<hr class=\"wp-block-separator has-text-color has-cyan-bluish-gray-color has-alpha-channel-opacity has-cyan-bluish-gray-background-color has-background\"\/>\n\n\n\n<p class=\"has-cyan-bluish-gray-color has-text-color\"><strong>Elise Sironval<\/strong><br>\u00ab Sortir du centre \u00bb (04\/07\/2021)<br>Peintures et techniques mixtes<\/p>\n\n\n\n<figure class=\"wp-block-gallery has-nested-images columns-default is-cropped wp-block-gallery-24 is-layout-flex wp-block-gallery-is-layout-flex\">\n<figure class=\"wp-block-image size-large\"><img data-recalc-dims=\"1\" loading=\"lazy\" decoding=\"async\" width=\"680\" height=\"1024\" data-id=\"270\" src=\"https:\/\/i0.wp.com\/lagalerieduliv.cluster1.easy-hebergement.net\/wp-content\/uploads\/2022\/05\/191643022_180753253851583_5330611366735846319_n-680x1024.jpg?resize=680%2C1024&#038;ssl=1\" alt=\"\" class=\"wp-image-270\" srcset=\"https:\/\/i0.wp.com\/lagaleriedulivre.be\/wp-content\/uploads\/2022\/05\/191643022_180753253851583_5330611366735846319_n.jpg?resize=680%2C1024&amp;ssl=1 680w, https:\/\/i0.wp.com\/lagaleriedulivre.be\/wp-content\/uploads\/2022\/05\/191643022_180753253851583_5330611366735846319_n.jpg?resize=199%2C300&amp;ssl=1 199w, https:\/\/i0.wp.com\/lagaleriedulivre.be\/wp-content\/uploads\/2022\/05\/191643022_180753253851583_5330611366735846319_n.jpg?resize=768%2C1157&amp;ssl=1 768w, https:\/\/i0.wp.com\/lagaleriedulivre.be\/wp-content\/uploads\/2022\/05\/191643022_180753253851583_5330611366735846319_n.jpg?resize=1019%2C1536&amp;ssl=1 1019w, https:\/\/i0.wp.com\/lagaleriedulivre.be\/wp-content\/uploads\/2022\/05\/191643022_180753253851583_5330611366735846319_n.jpg?resize=40%2C60&amp;ssl=1 40w, https:\/\/i0.wp.com\/lagaleriedulivre.be\/wp-content\/uploads\/2022\/05\/191643022_180753253851583_5330611366735846319_n.jpg?resize=1320%2C1989&amp;ssl=1 1320w, https:\/\/i0.wp.com\/lagaleriedulivre.be\/wp-content\/uploads\/2022\/05\/191643022_180753253851583_5330611366735846319_n.jpg?w=1359&amp;ssl=1 1359w\" sizes=\"auto, (max-width: 680px) 100vw, 680px\" \/><\/figure>\n\n\n\n<figure class=\"wp-block-image size-large\"><img data-recalc-dims=\"1\" loading=\"lazy\" decoding=\"async\" width=\"820\" height=\"1024\" data-id=\"272\" src=\"https:\/\/i0.wp.com\/lagalerieduliv.cluster1.easy-hebergement.net\/wp-content\/uploads\/2022\/05\/195580986_1213197529133930_5225998308399004661_n-820x1024.jpg?resize=820%2C1024&#038;ssl=1\" alt=\"\" class=\"wp-image-272\" srcset=\"https:\/\/i0.wp.com\/lagaleriedulivre.be\/wp-content\/uploads\/2022\/05\/195580986_1213197529133930_5225998308399004661_n.jpg?resize=820%2C1024&amp;ssl=1 820w, https:\/\/i0.wp.com\/lagaleriedulivre.be\/wp-content\/uploads\/2022\/05\/195580986_1213197529133930_5225998308399004661_n.jpg?resize=240%2C300&amp;ssl=1 240w, https:\/\/i0.wp.com\/lagaleriedulivre.be\/wp-content\/uploads\/2022\/05\/195580986_1213197529133930_5225998308399004661_n.jpg?resize=768%2C959&amp;ssl=1 768w, https:\/\/i0.wp.com\/lagaleriedulivre.be\/wp-content\/uploads\/2022\/05\/195580986_1213197529133930_5225998308399004661_n.jpg?resize=1229%2C1536&amp;ssl=1 1229w, https:\/\/i0.wp.com\/lagaleriedulivre.be\/wp-content\/uploads\/2022\/05\/195580986_1213197529133930_5225998308399004661_n.jpg?resize=48%2C60&amp;ssl=1 48w, https:\/\/i0.wp.com\/lagaleriedulivre.be\/wp-content\/uploads\/2022\/05\/195580986_1213197529133930_5225998308399004661_n.jpg?resize=1320%2C1649&amp;ssl=1 1320w, https:\/\/i0.wp.com\/lagaleriedulivre.be\/wp-content\/uploads\/2022\/05\/195580986_1213197529133930_5225998308399004661_n.jpg?w=1440&amp;ssl=1 1440w\" sizes=\"auto, (max-width: 820px) 100vw, 820px\" \/><\/figure>\n\n\n\n<figure class=\"wp-block-image size-large\"><img data-recalc-dims=\"1\" loading=\"lazy\" decoding=\"async\" width=\"840\" height=\"628\" data-id=\"271\" src=\"https:\/\/i0.wp.com\/lagalerieduliv.cluster1.easy-hebergement.net\/wp-content\/uploads\/2022\/05\/212214350_260431692512157_275789919640958612_n-1024x765.jpg?resize=840%2C628&#038;ssl=1\" alt=\"\" class=\"wp-image-271\" srcset=\"https:\/\/i0.wp.com\/lagaleriedulivre.be\/wp-content\/uploads\/2022\/05\/212214350_260431692512157_275789919640958612_n.jpg?resize=1024%2C765&amp;ssl=1 1024w, https:\/\/i0.wp.com\/lagaleriedulivre.be\/wp-content\/uploads\/2022\/05\/212214350_260431692512157_275789919640958612_n.jpg?resize=300%2C224&amp;ssl=1 300w, https:\/\/i0.wp.com\/lagaleriedulivre.be\/wp-content\/uploads\/2022\/05\/212214350_260431692512157_275789919640958612_n.jpg?resize=768%2C574&amp;ssl=1 768w, https:\/\/i0.wp.com\/lagaleriedulivre.be\/wp-content\/uploads\/2022\/05\/212214350_260431692512157_275789919640958612_n.jpg?resize=1536%2C1147&amp;ssl=1 1536w, https:\/\/i0.wp.com\/lagaleriedulivre.be\/wp-content\/uploads\/2022\/05\/212214350_260431692512157_275789919640958612_n.jpg?resize=80%2C60&amp;ssl=1 80w, https:\/\/i0.wp.com\/lagaleriedulivre.be\/wp-content\/uploads\/2022\/05\/212214350_260431692512157_275789919640958612_n.jpg?resize=1320%2C986&amp;ssl=1 1320w, https:\/\/i0.wp.com\/lagaleriedulivre.be\/wp-content\/uploads\/2022\/05\/212214350_260431692512157_275789919640958612_n.jpg?w=1944&amp;ssl=1 1944w, https:\/\/i0.wp.com\/lagaleriedulivre.be\/wp-content\/uploads\/2022\/05\/212214350_260431692512157_275789919640958612_n.jpg?w=1680 1680w\" sizes=\"auto, (max-width: 840px) 100vw, 840px\" \/><\/figure>\n<\/figure>\n\n\n\n<figure class=\"wp-block-embed is-type-video is-provider-vimeo wp-block-embed-vimeo wp-embed-aspect-16-9 wp-has-aspect-ratio\"><div class=\"wp-block-embed__wrapper\">\n<iframe loading=\"lazy\" title=\"Sortir de centre\" src=\"https:\/\/player.vimeo.com\/video\/594598188?dnt=1&amp;app_id=122963\" width=\"840\" height=\"473\" frameborder=\"0\" allow=\"autoplay; fullscreen; picture-in-picture; clipboard-write; encrypted-media; web-share\" referrerpolicy=\"strict-origin-when-cross-origin\"><\/iframe>\n<\/div><\/figure>\n\n\n\n<hr class=\"wp-block-separator has-text-color has-cyan-bluish-gray-color has-alpha-channel-opacity has-cyan-bluish-gray-background-color has-background\"\/>\n\n\n\n<p class=\"has-cyan-bluish-gray-color has-text-color\"><strong>Mich\u00e8le Divoy, Jack Ross et V.K.<\/strong><br>\u00ab Les collagistes d\u00e9jant\u00e9es mises en lumi\u00e8re \u00bb (du 08\/05 au 27\/06\/2021)<br>Collages et luminaires<\/p>\n\n\n\n<figure class=\"wp-block-gallery has-nested-images columns-default is-cropped wp-block-gallery-25 is-layout-flex wp-block-gallery-is-layout-flex\">\n<figure class=\"wp-block-image size-large\"><img data-recalc-dims=\"1\" loading=\"lazy\" decoding=\"async\" width=\"840\" height=\"560\" data-id=\"275\" src=\"https:\/\/i0.wp.com\/lagalerieduliv.cluster1.easy-hebergement.net\/wp-content\/uploads\/2022\/05\/DSC_0895-1024x683.jpg?resize=840%2C560&#038;ssl=1\" alt=\"\" class=\"wp-image-275\" srcset=\"https:\/\/i0.wp.com\/lagaleriedulivre.be\/wp-content\/uploads\/2022\/05\/DSC_0895-scaled.jpg?resize=1024%2C683&amp;ssl=1 1024w, https:\/\/i0.wp.com\/lagaleriedulivre.be\/wp-content\/uploads\/2022\/05\/DSC_0895-scaled.jpg?resize=300%2C200&amp;ssl=1 300w, https:\/\/i0.wp.com\/lagaleriedulivre.be\/wp-content\/uploads\/2022\/05\/DSC_0895-scaled.jpg?resize=768%2C512&amp;ssl=1 768w, https:\/\/i0.wp.com\/lagaleriedulivre.be\/wp-content\/uploads\/2022\/05\/DSC_0895-scaled.jpg?resize=1536%2C1024&amp;ssl=1 1536w, https:\/\/i0.wp.com\/lagaleriedulivre.be\/wp-content\/uploads\/2022\/05\/DSC_0895-scaled.jpg?resize=2048%2C1365&amp;ssl=1 2048w, https:\/\/i0.wp.com\/lagaleriedulivre.be\/wp-content\/uploads\/2022\/05\/DSC_0895-scaled.jpg?resize=90%2C60&amp;ssl=1 90w, https:\/\/i0.wp.com\/lagaleriedulivre.be\/wp-content\/uploads\/2022\/05\/DSC_0895-scaled.jpg?resize=420%2C280&amp;ssl=1 420w, https:\/\/i0.wp.com\/lagaleriedulivre.be\/wp-content\/uploads\/2022\/05\/DSC_0895-scaled.jpg?resize=1320%2C880&amp;ssl=1 1320w, https:\/\/i0.wp.com\/lagaleriedulivre.be\/wp-content\/uploads\/2022\/05\/DSC_0895-scaled.jpg?w=1680 1680w, https:\/\/i0.wp.com\/lagaleriedulivre.be\/wp-content\/uploads\/2022\/05\/DSC_0895-scaled.jpg?w=2520 2520w\" sizes=\"auto, (max-width: 840px) 100vw, 840px\" \/><\/figure>\n\n\n\n<figure class=\"wp-block-image size-large\"><img data-recalc-dims=\"1\" loading=\"lazy\" decoding=\"async\" width=\"840\" height=\"628\" data-id=\"274\" src=\"https:\/\/i0.wp.com\/lagalerieduliv.cluster1.easy-hebergement.net\/wp-content\/uploads\/2022\/05\/207644694_10226738012942506_465656881392248968_n-1024x765.jpg?resize=840%2C628&#038;ssl=1\" alt=\"\" class=\"wp-image-274\" srcset=\"https:\/\/i0.wp.com\/lagaleriedulivre.be\/wp-content\/uploads\/2022\/05\/207644694_10226738012942506_465656881392248968_n.jpg?resize=1024%2C765&amp;ssl=1 1024w, https:\/\/i0.wp.com\/lagaleriedulivre.be\/wp-content\/uploads\/2022\/05\/207644694_10226738012942506_465656881392248968_n.jpg?resize=300%2C224&amp;ssl=1 300w, https:\/\/i0.wp.com\/lagaleriedulivre.be\/wp-content\/uploads\/2022\/05\/207644694_10226738012942506_465656881392248968_n.jpg?resize=768%2C574&amp;ssl=1 768w, https:\/\/i0.wp.com\/lagaleriedulivre.be\/wp-content\/uploads\/2022\/05\/207644694_10226738012942506_465656881392248968_n.jpg?resize=1536%2C1147&amp;ssl=1 1536w, https:\/\/i0.wp.com\/lagaleriedulivre.be\/wp-content\/uploads\/2022\/05\/207644694_10226738012942506_465656881392248968_n.jpg?resize=80%2C60&amp;ssl=1 80w, https:\/\/i0.wp.com\/lagaleriedulivre.be\/wp-content\/uploads\/2022\/05\/207644694_10226738012942506_465656881392248968_n.jpg?resize=1320%2C986&amp;ssl=1 1320w, https:\/\/i0.wp.com\/lagaleriedulivre.be\/wp-content\/uploads\/2022\/05\/207644694_10226738012942506_465656881392248968_n.jpg?w=1944&amp;ssl=1 1944w, https:\/\/i0.wp.com\/lagaleriedulivre.be\/wp-content\/uploads\/2022\/05\/207644694_10226738012942506_465656881392248968_n.jpg?w=1680 1680w\" sizes=\"auto, (max-width: 840px) 100vw, 840px\" \/><\/figure>\n\n\n\n<figure class=\"wp-block-image size-large\"><img data-recalc-dims=\"1\" loading=\"lazy\" decoding=\"async\" width=\"495\" height=\"695\" data-id=\"273\" src=\"https:\/\/i0.wp.com\/lagalerieduliv.cluster1.easy-hebergement.net\/wp-content\/uploads\/2022\/05\/expo-collagistes.jpg?resize=495%2C695&#038;ssl=1\" alt=\"\" class=\"wp-image-273\" srcset=\"https:\/\/i0.wp.com\/lagaleriedulivre.be\/wp-content\/uploads\/2022\/05\/expo-collagistes.jpg?w=495&amp;ssl=1 495w, https:\/\/i0.wp.com\/lagaleriedulivre.be\/wp-content\/uploads\/2022\/05\/expo-collagistes.jpg?resize=214%2C300&amp;ssl=1 214w, https:\/\/i0.wp.com\/lagaleriedulivre.be\/wp-content\/uploads\/2022\/05\/expo-collagistes.jpg?resize=43%2C60&amp;ssl=1 43w\" sizes=\"auto, (max-width: 495px) 100vw, 495px\" \/><\/figure>\n<\/figure>\n\n\n\n<figure class=\"wp-block-embed is-type-video is-provider-vimeo wp-block-embed-vimeo wp-embed-aspect-16-9 wp-has-aspect-ratio\"><div class=\"wp-block-embed__wrapper\">\n<iframe loading=\"lazy\" title=\"Coller c&#039;est r\u00eaver\" src=\"https:\/\/player.vimeo.com\/video\/566277871?dnt=1&amp;app_id=122963\" width=\"840\" height=\"473\" frameborder=\"0\" allow=\"autoplay; fullscreen; picture-in-picture; clipboard-write; encrypted-media; web-share\" referrerpolicy=\"strict-origin-when-cross-origin\"><\/iframe>\n<\/div><\/figure>\n\n\n\n<p><\/p>\n\n\n\n<figure class=\"wp-block-embed is-type-video is-provider-vimeo wp-block-embed-vimeo wp-embed-aspect-16-9 wp-has-aspect-ratio\"><div class=\"wp-block-embed__wrapper\">\n<iframe loading=\"lazy\" title=\"Je ne suis pas un collage\" src=\"https:\/\/player.vimeo.com\/video\/561884846?dnt=1&amp;app_id=122963\" width=\"840\" height=\"473\" frameborder=\"0\" allow=\"autoplay; fullscreen; picture-in-picture; clipboard-write; encrypted-media; web-share\" referrerpolicy=\"strict-origin-when-cross-origin\"><\/iframe>\n<\/div><\/figure>\n\n\n\n<p><\/p>\n\n\n\n<figure class=\"wp-block-embed is-type-video is-provider-vimeo wp-block-embed-vimeo wp-embed-aspect-16-9 wp-has-aspect-ratio\"><div class=\"wp-block-embed__wrapper\">\n<iframe loading=\"lazy\" title=\"De bric et de broc\" src=\"https:\/\/player.vimeo.com\/video\/561897548?dnt=1&amp;app_id=122963\" width=\"640\" height=\"360\" frameborder=\"0\" allow=\"autoplay; fullscreen; picture-in-picture; clipboard-write; encrypted-media; web-share\" referrerpolicy=\"strict-origin-when-cross-origin\"><\/iframe>\n<\/div><\/figure>\n\n\n\n<hr class=\"wp-block-separator has-text-color has-cyan-bluish-gray-color has-alpha-channel-opacity has-cyan-bluish-gray-background-color has-background\"\/>\n\n\n\n<p class=\"has-cyan-bluish-gray-color has-text-color\"><strong>Patrick Marczewski<\/strong><br>\u00ab Une fois pour toutes ! \u00bb (du 07\/02 au 18\/04\/2021)<br>Peintures et techniques mixtes<\/p>\n\n\n\n<p class=\"has-cyan-bluish-gray-color has-text-color\"><\/p>\n\n\n\n<figure class=\"wp-block-gallery has-nested-images columns-default is-cropped wp-block-gallery-26 is-layout-flex wp-block-gallery-is-layout-flex\">\n<figure class=\"wp-block-image size-large\"><img data-recalc-dims=\"1\" loading=\"lazy\" decoding=\"async\" width=\"840\" height=\"1019\" data-id=\"278\" src=\"https:\/\/i0.wp.com\/lagalerieduliv.cluster1.easy-hebergement.net\/wp-content\/uploads\/2022\/05\/IMG_2028-844x1024.jpg?resize=840%2C1019&#038;ssl=1\" alt=\"\" class=\"wp-image-278\" srcset=\"https:\/\/i0.wp.com\/lagaleriedulivre.be\/wp-content\/uploads\/2022\/05\/IMG_2028.jpg?resize=844%2C1024&amp;ssl=1 844w, https:\/\/i0.wp.com\/lagaleriedulivre.be\/wp-content\/uploads\/2022\/05\/IMG_2028.jpg?resize=247%2C300&amp;ssl=1 247w, https:\/\/i0.wp.com\/lagaleriedulivre.be\/wp-content\/uploads\/2022\/05\/IMG_2028.jpg?resize=768%2C931&amp;ssl=1 768w, https:\/\/i0.wp.com\/lagaleriedulivre.be\/wp-content\/uploads\/2022\/05\/IMG_2028.jpg?resize=1266%2C1536&amp;ssl=1 1266w, https:\/\/i0.wp.com\/lagaleriedulivre.be\/wp-content\/uploads\/2022\/05\/IMG_2028.jpg?resize=1689%2C2048&amp;ssl=1 1689w, https:\/\/i0.wp.com\/lagaleriedulivre.be\/wp-content\/uploads\/2022\/05\/IMG_2028.jpg?resize=49%2C60&amp;ssl=1 49w, https:\/\/i0.wp.com\/lagaleriedulivre.be\/wp-content\/uploads\/2022\/05\/IMG_2028.jpg?resize=1320%2C1601&amp;ssl=1 1320w, https:\/\/i0.wp.com\/lagaleriedulivre.be\/wp-content\/uploads\/2022\/05\/IMG_2028.jpg?w=1818&amp;ssl=1 1818w\" sizes=\"auto, (max-width: 840px) 100vw, 840px\" \/><\/figure>\n\n\n\n<figure class=\"wp-block-image size-large\"><img data-recalc-dims=\"1\" loading=\"lazy\" decoding=\"async\" width=\"840\" height=\"843\" data-id=\"282\" src=\"https:\/\/i0.wp.com\/lagalerieduliv.cluster1.easy-hebergement.net\/wp-content\/uploads\/2022\/05\/Couv-Une-fois-pour-toutes-1020x1024.jpg?resize=840%2C843&#038;ssl=1\" alt=\"\" class=\"wp-image-282\" srcset=\"https:\/\/i0.wp.com\/lagaleriedulivre.be\/wp-content\/uploads\/2022\/05\/Couv-Une-fois-pour-toutes.jpg?resize=1020%2C1024&amp;ssl=1 1020w, https:\/\/i0.wp.com\/lagaleriedulivre.be\/wp-content\/uploads\/2022\/05\/Couv-Une-fois-pour-toutes.jpg?resize=300%2C300&amp;ssl=1 300w, https:\/\/i0.wp.com\/lagaleriedulivre.be\/wp-content\/uploads\/2022\/05\/Couv-Une-fois-pour-toutes.jpg?resize=150%2C150&amp;ssl=1 150w, https:\/\/i0.wp.com\/lagaleriedulivre.be\/wp-content\/uploads\/2022\/05\/Couv-Une-fois-pour-toutes.jpg?resize=768%2C771&amp;ssl=1 768w, https:\/\/i0.wp.com\/lagaleriedulivre.be\/wp-content\/uploads\/2022\/05\/Couv-Une-fois-pour-toutes.jpg?resize=1530%2C1536&amp;ssl=1 1530w, https:\/\/i0.wp.com\/lagaleriedulivre.be\/wp-content\/uploads\/2022\/05\/Couv-Une-fois-pour-toutes.jpg?resize=2040%2C2048&amp;ssl=1 2040w, https:\/\/i0.wp.com\/lagaleriedulivre.be\/wp-content\/uploads\/2022\/05\/Couv-Une-fois-pour-toutes.jpg?resize=60%2C60&amp;ssl=1 60w, https:\/\/i0.wp.com\/lagaleriedulivre.be\/wp-content\/uploads\/2022\/05\/Couv-Une-fois-pour-toutes.jpg?resize=1320%2C1325&amp;ssl=1 1320w, https:\/\/i0.wp.com\/lagaleriedulivre.be\/wp-content\/uploads\/2022\/05\/Couv-Une-fois-pour-toutes.jpg?w=1680 1680w\" sizes=\"auto, (max-width: 840px) 100vw, 840px\" \/><\/figure>\n<\/figure>\n\n\n\n<hr class=\"wp-block-separator has-text-color has-cyan-bluish-gray-color has-alpha-channel-opacity has-cyan-bluish-gray-background-color has-background\"\/>\n\n\n\n<p class=\"has-cyan-bluish-gray-color has-text-color\"><strong>Olivier P\u00e9<\/strong><br>\u00ab Po\u00e9tique de l&rsquo;amant \u00bb (octobre 2020 &#8211; f\u00e9vrier 2021)<br>Photos et dessins<\/p>\n\n\n\n<figure class=\"wp-block-gallery has-nested-images columns-default is-cropped wp-block-gallery-27 is-layout-flex wp-block-gallery-is-layout-flex\">\n<figure class=\"wp-block-image size-large\"><img data-recalc-dims=\"1\" loading=\"lazy\" decoding=\"async\" width=\"548\" height=\"718\" data-id=\"279\" src=\"https:\/\/i0.wp.com\/lagalerieduliv.cluster1.easy-hebergement.net\/wp-content\/uploads\/2022\/05\/couv-oli.jpg?resize=548%2C718&#038;ssl=1\" alt=\"\" class=\"wp-image-279\" srcset=\"https:\/\/i0.wp.com\/lagaleriedulivre.be\/wp-content\/uploads\/2022\/05\/couv-oli.jpg?w=548&amp;ssl=1 548w, https:\/\/i0.wp.com\/lagaleriedulivre.be\/wp-content\/uploads\/2022\/05\/couv-oli.jpg?resize=229%2C300&amp;ssl=1 229w, https:\/\/i0.wp.com\/lagaleriedulivre.be\/wp-content\/uploads\/2022\/05\/couv-oli.jpg?resize=46%2C60&amp;ssl=1 46w\" sizes=\"auto, (max-width: 548px) 100vw, 548px\" \/><\/figure>\n\n\n\n<figure class=\"wp-block-image size-large\"><img data-recalc-dims=\"1\" loading=\"lazy\" decoding=\"async\" width=\"840\" height=\"840\" data-id=\"281\" src=\"https:\/\/i0.wp.com\/lagalerieduliv.cluster1.easy-hebergement.net\/wp-content\/uploads\/2022\/05\/expo-olivier-peJPG-1024x1024.jpg?resize=840%2C840&#038;ssl=1\" alt=\"\" class=\"wp-image-281\" srcset=\"https:\/\/i0.wp.com\/lagaleriedulivre.be\/wp-content\/uploads\/2022\/05\/expo-olivier-peJPG.jpg?resize=1024%2C1024&amp;ssl=1 1024w, https:\/\/i0.wp.com\/lagaleriedulivre.be\/wp-content\/uploads\/2022\/05\/expo-olivier-peJPG.jpg?resize=300%2C300&amp;ssl=1 300w, https:\/\/i0.wp.com\/lagaleriedulivre.be\/wp-content\/uploads\/2022\/05\/expo-olivier-peJPG.jpg?resize=150%2C150&amp;ssl=1 150w, https:\/\/i0.wp.com\/lagaleriedulivre.be\/wp-content\/uploads\/2022\/05\/expo-olivier-peJPG.jpg?resize=768%2C768&amp;ssl=1 768w, https:\/\/i0.wp.com\/lagaleriedulivre.be\/wp-content\/uploads\/2022\/05\/expo-olivier-peJPG.jpg?resize=1536%2C1536&amp;ssl=1 1536w, https:\/\/i0.wp.com\/lagaleriedulivre.be\/wp-content\/uploads\/2022\/05\/expo-olivier-peJPG.jpg?resize=60%2C60&amp;ssl=1 60w, https:\/\/i0.wp.com\/lagaleriedulivre.be\/wp-content\/uploads\/2022\/05\/expo-olivier-peJPG.jpg?resize=1320%2C1320&amp;ssl=1 1320w, https:\/\/i0.wp.com\/lagaleriedulivre.be\/wp-content\/uploads\/2022\/05\/expo-olivier-peJPG.jpg?w=1936&amp;ssl=1 1936w, https:\/\/i0.wp.com\/lagaleriedulivre.be\/wp-content\/uploads\/2022\/05\/expo-olivier-peJPG.jpg?w=1680 1680w\" sizes=\"auto, (max-width: 840px) 100vw, 840px\" \/><\/figure>\n<\/figure>\n","protected":false},"excerpt":{"rendered":"<p>Ptit Marc et Henri De Borman \u00ab Funambules \u00bb (04 &#8211; 19\/04\/26) Suzanne Pavc et Val\u00e9rie Vrindts\u00ab Parce que c&rsquo;est beau ! \u00bb (07 &#8211; &hellip; <\/p>\n","protected":false},"author":1,"featured_media":0,"parent":0,"menu_order":0,"comment_status":"closed","ping_status":"closed","template":"","meta":{"footnotes":""},"class_list":["post-265","page","type-page","status-publish","hentry"],"jetpack_sharing_enabled":true,"_links":{"self":[{"href":"https:\/\/lagaleriedulivre.be\/index.php?rest_route=\/wp\/v2\/pages\/265","targetHints":{"allow":["GET"]}}],"collection":[{"href":"https:\/\/lagaleriedulivre.be\/index.php?rest_route=\/wp\/v2\/pages"}],"about":[{"href":"https:\/\/lagaleriedulivre.be\/index.php?rest_route=\/wp\/v2\/types\/page"}],"author":[{"embeddable":true,"href":"https:\/\/lagaleriedulivre.be\/index.php?rest_route=\/wp\/v2\/users\/1"}],"replies":[{"embeddable":true,"href":"https:\/\/lagaleriedulivre.be\/index.php?rest_route=%2Fwp%2Fv2%2Fcomments&post=265"}],"version-history":[{"count":37,"href":"https:\/\/lagaleriedulivre.be\/index.php?rest_route=\/wp\/v2\/pages\/265\/revisions"}],"predecessor-version":[{"id":908,"href":"https:\/\/lagaleriedulivre.be\/index.php?rest_route=\/wp\/v2\/pages\/265\/revisions\/908"}],"wp:attachment":[{"href":"https:\/\/lagaleriedulivre.be\/index.php?rest_route=%2Fwp%2Fv2%2Fmedia&parent=265"}],"curies":[{"name":"wp","href":"https:\/\/api.w.org\/{rel}","templated":true}]}}